{"id":6,"date":"2024-04-03T11:57:59","date_gmt":"2024-04-03T11:57:59","guid":{"rendered":"https:\/\/innovatalks.medianove.com\/?page_id=6"},"modified":"2024-12-05T16:19:40","modified_gmt":"2024-12-05T16:19:40","slug":"home","status":"publish","type":"page","link":"https:\/\/innovatalks.medianove.com\/","title":{"rendered":"Home"},"content":{"rendered":"\n<div class=\"wp-block-group alignfull tw-sm-hidden has-base-2-color has-text-color has-link-color wp-elements-9e582fbbb9c68d5ea93b713a087062d4 is-layout-flow wp-block-group-is-layout-flow has-background\" style=\"min-height:100vh;padding-top:0;padding-right:0;padding-bottom:0;padding-left:0;background-image:url(&apos;https:\/\/innovatalks.medianove.com\/wp-content\/uploads\/2024\/04\/InNova-Talks-scaled.jpg&apos;);background-size:cover;\">\n<div class=\"wp-block-group alignwide has-global-padding is-layout-constrained wp-container-core-group-is-layout-78935544 wp-block-group-is-layout-constrained\" style=\"padding-bottom:0\">\n<div style=\"height:100px\" aria-hidden=\"true\" class=\"wp-block-spacer\"><\/div>\n\n\n\n<div class=\"wp-block-columns is-layout-flex wp-container-core-columns-is-layout-d0b3c9c8 wp-block-columns-is-layout-flex\">\n<div class=\"wp-block-column is-vertically-aligned-center is-layout-flow wp-block-column-is-layout-flow\" style=\"--col-width:30%;flex-basis:30%\">\n<div class=\"wp-block-group has-global-padding is-layout-constrained wp-container-core-group-is-layout-19e250f3 wp-block-group-is-layout-constrained\">\n<h2 class=\"wp-block-heading has-base-2-color has-text-color has-link-color wp-elements-8fa88e16583c8f5e90692748f26e12bb\">Sa\u00fade<\/h2>\n\n\n\n<h2 class=\"wp-block-heading has-base-2-color has-text-color has-link-color wp-elements-ece9cf9bee7b4856c5b3f71c0911c8c9\">Economia Azul<\/h2>\n\n\n\n<h2 class=\"wp-block-heading has-base-2-color has-text-color has-link-color wp-elements-587ac8f8ea1bb1cccd8ec416289c001e\">Empreendedorismo<\/h2>\n\n\n\n<h2 class=\"wp-block-heading has-base-2-color has-text-color has-link-color wp-elements-4900879a1e275a066f1d2d6c0d81c8be\">Lideran\u00e7a<\/h2>\n<\/div>\n\n\n\n<div style=\"height:50px\" aria-hidden=\"true\" class=\"wp-block-spacer\"><\/div>\n\n\n\n<p>O novo videocast da Nova SBE em parceria com a Media Nove, onde especialistas renomados discutem sobre a sa\u00fade, economia azul, empreendedorismo e lideran\u00e7a.<\/p>\n\n\n\n<div style=\"height:50px\" aria-hidden=\"true\" class=\"wp-block-spacer\"><\/div>\n\n\n\n<figure class=\"wp-block-image alignleft size-full is-resized wp-duotone-ffffff-111111-2\"><img loading=\"lazy\" decoding=\"async\" width=\"1024\" height=\"84\" src=\"https:\/\/innovatalks.medianove.com\/wp-content\/uploads\/2024\/04\/logos-medianove-1024x84-1.png\" alt=\"\" class=\"wp-image-102\" style=\"width:300px\" srcset=\"https:\/\/innovatalks.medianove.com\/wp-content\/uploads\/2024\/04\/logos-medianove-1024x84-1.png 1024w, https:\/\/innovatalks.medianove.com\/wp-content\/uploads\/2024\/04\/logos-medianove-1024x84-1-300x25.png 300w, https:\/\/innovatalks.medianove.com\/wp-content\/uploads\/2024\/04\/logos-medianove-1024x84-1-768x63.png 768w\" sizes=\"auto, (max-width: 1024px) 100vw, 1024px\" \/><\/figure>\n\n\n\n<div style=\"height:60px\" aria-hidden=\"true\" class=\"wp-block-spacer\"><\/div>\n\n\n\n<p class=\"has-small-font-size\">Em colabora\u00e7\u00e3o com:<\/p>\n\n\n\n<figure class=\"wp-block-image alignleft size-full is-resized wp-duotone-ffffff-111111-3\"><img loading=\"lazy\" decoding=\"async\" width=\"2560\" height=\"907\" src=\"https:\/\/innovatalks.medianove.com\/wp-content\/uploads\/2024\/04\/2560px-NovaSBE_Logo.svg_.png\" alt=\"\" class=\"wp-image-103\" style=\"width:100px\" srcset=\"https:\/\/innovatalks.medianove.com\/wp-content\/uploads\/2024\/04\/2560px-NovaSBE_Logo.svg_.png 2560w, https:\/\/innovatalks.medianove.com\/wp-content\/uploads\/2024\/04\/2560px-NovaSBE_Logo.svg_-300x106.png 300w, https:\/\/innovatalks.medianove.com\/wp-content\/uploads\/2024\/04\/2560px-NovaSBE_Logo.svg_-1024x363.png 1024w, https:\/\/innovatalks.medianove.com\/wp-content\/uploads\/2024\/04\/2560px-NovaSBE_Logo.svg_-768x272.png 768w, https:\/\/innovatalks.medianove.com\/wp-content\/uploads\/2024\/04\/2560px-NovaSBE_Logo.svg_-1536x544.png 1536w, https:\/\/innovatalks.medianove.com\/wp-content\/uploads\/2024\/04\/2560px-NovaSBE_Logo.svg_-2048x726.png 2048w\" sizes=\"auto, (max-width: 2560px) 100vw, 2560px\" \/><\/figure>\n<\/div>\n\n\n\n<div class=\"wp-block-column is-vertically-aligned-bottom is-layout-flow wp-block-column-is-layout-flow\"><\/div>\n<\/div>\n\n\n\n<div style=\"height:50px\" aria-hidden=\"true\" class=\"wp-block-spacer\"><\/div>\n<\/div>\n<\/div>\n\n\n\n<div class=\"wp-block-group alignfull tw-md-hidden tw-lg-hidden has-base-2-color has-text-color has-link-color wp-elements-a3aeb5b860397d6be63ae9b2fbe7e86e is-layout-flow wp-block-group-is-layout-flow has-background\" style=\"min-height:100vh;padding-top:0;padding-right:0;padding-bottom:0;padding-left:0;background-image:url(&apos;https:\/\/innovatalks.medianove.com\/wp-content\/uploads\/2024\/05\/InNova_Talks_Imagem-Site_Mobile-1080-x-1920px-1.png&apos;);background-size:cover;\">\n<div class=\"wp-block-group alignwide has-global-padding is-layout-constrained wp-container-core-group-is-layout-530ec779 wp-block-group-is-layout-constrained\">\n<div style=\"height:100px\" aria-hidden=\"true\" class=\"wp-block-spacer\"><\/div>\n\n\n\n<div class=\"wp-block-group has-global-padding is-layout-constrained wp-container-core-group-is-layout-19e250f3 wp-block-group-is-layout-constrained\">\n<h2 class=\"wp-block-heading has-base-2-color has-text-color has-link-color wp-elements-8fa88e16583c8f5e90692748f26e12bb\">Sa\u00fade<\/h2>\n\n\n\n<h2 class=\"wp-block-heading has-base-2-color has-text-color has-link-color wp-elements-ece9cf9bee7b4856c5b3f71c0911c8c9\">Economia Azul<\/h2>\n\n\n\n<h2 class=\"wp-block-heading has-base-2-color has-text-color has-link-color wp-elements-587ac8f8ea1bb1cccd8ec416289c001e\">Empreendedorismo<\/h2>\n\n\n\n<h2 class=\"wp-block-heading has-base-2-color has-text-color has-link-color wp-elements-4900879a1e275a066f1d2d6c0d81c8be\">Lideran\u00e7a<\/h2>\n<\/div>\n\n\n\n<p>O novo videocast da Nova SBE em parceria com a Media Nove, onde especialistas renomados discutem sobre a sa\u00fade, economia azul, empreendedorismo e lideran\u00e7a.<\/p>\n\n\n\n<div class=\"wp-block-group is-nowrap is-layout-flex wp-container-core-group-is-layout-6c531013 wp-block-group-is-layout-flex\">\n<figure class=\"wp-block-image aligncenter size-full wp-duotone-ffffff-111111-4\"><img loading=\"lazy\" decoding=\"async\" width=\"1024\" height=\"84\" src=\"https:\/\/innovatalks.medianove.com\/wp-content\/uploads\/2024\/04\/logos-medianove-1024x84-1.png\" alt=\"\" class=\"wp-image-102\" srcset=\"https:\/\/innovatalks.medianove.com\/wp-content\/uploads\/2024\/04\/logos-medianove-1024x84-1.png 1024w, https:\/\/innovatalks.medianove.com\/wp-content\/uploads\/2024\/04\/logos-medianove-1024x84-1-300x25.png 300w, https:\/\/innovatalks.medianove.com\/wp-content\/uploads\/2024\/04\/logos-medianove-1024x84-1-768x63.png 768w\" sizes=\"auto, (max-width: 1024px) 100vw, 1024px\" \/><\/figure>\n\n\n\n<figure class=\"wp-block-image aligncenter size-full is-resized wp-duotone-ffffff-111111-5\"><img loading=\"lazy\" decoding=\"async\" width=\"2560\" height=\"907\" src=\"https:\/\/innovatalks.medianove.com\/wp-content\/uploads\/2024\/04\/2560px-NovaSBE_Logo.svg_.png\" alt=\"\" class=\"wp-image-103\" style=\"width:300px\" srcset=\"https:\/\/innovatalks.medianove.com\/wp-content\/uploads\/2024\/04\/2560px-NovaSBE_Logo.svg_.png 2560w, https:\/\/innovatalks.medianove.com\/wp-content\/uploads\/2024\/04\/2560px-NovaSBE_Logo.svg_-300x106.png 300w, https:\/\/innovatalks.medianove.com\/wp-content\/uploads\/2024\/04\/2560px-NovaSBE_Logo.svg_-1024x363.png 1024w, https:\/\/innovatalks.medianove.com\/wp-content\/uploads\/2024\/04\/2560px-NovaSBE_Logo.svg_-768x272.png 768w, https:\/\/innovatalks.medianove.com\/wp-content\/uploads\/2024\/04\/2560px-NovaSBE_Logo.svg_-1536x544.png 1536w, https:\/\/innovatalks.medianove.com\/wp-content\/uploads\/2024\/04\/2560px-NovaSBE_Logo.svg_-2048x726.png 2048w\" sizes=\"auto, (max-width: 2560px) 100vw, 2560px\" \/><\/figure>\n<\/div>\n<\/div>\n<\/div>\n\n\n\n<div class=\"wp-block-group tw-md-hidden tw-lg-hidden has-global-padding is-layout-constrained wp-block-group-is-layout-constrained\" style=\"padding-top:var(--wp--preset--spacing--40);padding-bottom:var(--wp--preset--spacing--40)\">\n<p class=\"has-text-align-center has-small-font-size\">O novo videocast da Nova SBE em parceria com a Media Nove, onde especialistas renomados discutem sobre a sa\u00fade, economia azul, empreendedorismo e lideran\u00e7a.<\/p>\n\n\n\n<hr class=\"wp-block-separator has-text-color has-alpha-channel-opacity has-background is-style-wide\" style=\"background-color:#00a7d1;color:#00a7d1\"\/>\n<\/div>\n\n\n\n<section class=\"wp-block-group alignfull has-background has-global-padding is-layout-constrained wp-container-core-group-is-layout-11240bb4 wp-block-group-is-layout-constrained\" id=\"destaques\" style=\"background-color:#f3f3f3;margin-top:0px;margin-bottom:0px;padding-top:var(--wp--preset--spacing--30);padding-bottom:var(--wp--preset--spacing--30)\">\n<h3 class=\"wp-block-heading\"><strong>Videocast<\/strong><\/h3>\n\n\n\n<div class=\"wp-block-columns is-layout-flex wp-container-core-columns-is-layout-d0b3c9c8 wp-block-columns-is-layout-flex\">\n<div class=\"wp-block-column is-layout-flow wp-block-column-is-layout-flow\">\n<div class=\"wp-block-group has-global-padding is-layout-constrained wp-block-group-is-layout-constrained\" style=\"border-style:none;border-width:0px;border-radius:0px;padding-top:0;padding-bottom:0\">\n<div class=\"wp-block-group has-global-padding is-layout-constrained wp-container-core-group-is-layout-7db9d80f wp-block-group-is-layout-constrained\" style=\"padding-right:0;padding-left:0\">\n<figure class=\"wp-block-embed is-type-video is-provider-youtube wp-block-embed-youtube wp-embed-aspect-16-9 wp-has-aspect-ratio\"><div class=\"wp-block-embed__wrapper\">\n<iframe loading=\"lazy\" title=\"InNova Talks: Economia, empreendedorismo e lideran\u00e7a mais sustent\u00e1vel\" width=\"500\" height=\"281\" src=\"https:\/\/www.youtube.com\/embed\/4CzGE1ljmAY?feature=oembed\" frameborder=\"0\" allow=\"accelerometer; autoplay; clipboard-write; encrypted-media; gyroscope; picture-in-picture; web-share\" referrerpolicy=\"strict-origin-when-cross-origin\" allowfullscreen><\/iframe>\n<\/div><\/figure>\n<\/div>\n<\/div>\n<\/div>\n\n\n\n<div class=\"wp-block-column is-vertically-aligned-center is-layout-flow wp-block-column-is-layout-flow\">\n<div class=\"wp-block-group has-global-padding is-layout-constrained wp-block-group-is-layout-constrained\" style=\"border-style:none;border-width:0px;border-radius:0px;padding-top:0;padding-bottom:0\">\n<div class=\"wp-block-group has-global-padding is-layout-constrained wp-container-core-group-is-layout-7db9d80f wp-block-group-is-layout-constrained\" style=\"padding-right:0;padding-left:0\">\n<h3 class=\"wp-block-heading\"><strong><strong>InNova Talks: Economia, empreendedorismo e lideran\u00e7a mais sustent\u00e1vel<\/strong><\/strong><\/h3>\n\n\n\n<div class=\"wp-block-group alignwide has-global-padding is-layout-constrained wp-container-core-group-is-layout-64ad65c3 wp-block-group-is-layout-constrained\" style=\"padding-right:60%\">\n<hr class=\"wp-block-separator alignwide has-text-color has-alpha-channel-opacity has-background is-style-wide\" style=\"margin-top:0px;margin-bottom:0px;background-color:#628ff0;color:#628ff0\"\/>\n<\/div>\n\n\n\n<p>A Nova SBE recebeu esta quarta-feira, 4 de dezembro, em Carcavelos, o encerramento do primeiro ciclo de confer\u00eancias InNova Talks, uma parceria da faculdade com o JE e a Forbes Portugal. Veja aqui na \u00edntegra as interven\u00e7\u00f5es e os debates numa iniciativa que contou com os contributos de Ant\u00f3nio Nogueira Leite, Pedro Pita Barros e Sofia Santos,\u00a0entre\u00a0outros.<\/p>\n\n\n\n<p class=\"has-contrast-2-color has-text-color has-link-color wp-elements-d71da318a8949a29d2842ecabb631b1a\"><em>Fonte: Jornal Econ\u00f3mico<\/em><\/p>\n\n\n\n<div class=\"wp-block-buttons is-layout-flex wp-block-buttons-is-layout-flex\">\n<div class=\"wp-block-button tw-lg-hidden tw-md-hidden tw-sm-hidden\"><a class=\"wp-block-button__link wp-element-button\" href=\"https:\/\/www.forbespt.com\/descubra-o-que-faz-um-bom-lider\/\" target=\"_blank\" rel=\"noreferrer noopener\">Ler Mais<\/a><\/div>\n<\/div>\n<\/div>\n<\/div>\n<\/div>\n<\/div>\n\n\n\n<div style=\"height:30px\" aria-hidden=\"true\" class=\"wp-block-spacer\"><\/div>\n<\/section>\n\n\n\n<section class=\"wp-block-group alignwide section is-layout-flow wp-block-group-is-layout-flow\" id=\"saude\" style=\"margin-top:0px;margin-bottom:0px;padding-top:var(--wp--preset--spacing--20);padding-bottom:var(--wp--preset--spacing--20)\">\n<div style=\"height:30px\" aria-hidden=\"true\" class=\"wp-block-spacer\"><\/div>\n\n\n\n<div class=\"wp-block-group is-horizontal is-content-justification-left is-layout-flex wp-container-core-group-is-layout-a9dc0f66 wp-block-group-is-layout-flex\" style=\"margin-top:0px;margin-bottom:0px\">\n<figure class=\"wp-block-image size-full is-resized has-custom-border\"><img loading=\"lazy\" decoding=\"async\" width=\"1161\" height=\"161\" src=\"https:\/\/innovatalks.medianove.com\/wp-content\/uploads\/2024\/04\/innovatalks-logo-1.png\" alt=\"\" class=\"wp-image-255\" style=\"border-right-style:none;border-right-width:0px;width:177px;height:auto\" srcset=\"https:\/\/innovatalks.medianove.com\/wp-content\/uploads\/2024\/04\/innovatalks-logo-1.png 1161w, https:\/\/innovatalks.medianove.com\/wp-content\/uploads\/2024\/04\/innovatalks-logo-1-300x42.png 300w, https:\/\/innovatalks.medianove.com\/wp-content\/uploads\/2024\/04\/innovatalks-logo-1-1024x142.png 1024w, https:\/\/innovatalks.medianove.com\/wp-content\/uploads\/2024\/04\/innovatalks-logo-1-768x107.png 768w\" sizes=\"auto, (max-width: 1161px) 100vw, 1161px\" \/><\/figure>\n\n\n\n<div style=\"height:100px;width:10px\" aria-hidden=\"true\" class=\"wp-block-spacer wp-container-content-728072c3\"><\/div>\n\n\n\n<p class=\"has-text-color has-link-color has-large-font-size wp-elements-f448f46619c82fb4555b33863387f26d\" style=\"color:#2bb7ff\"><strong>|<\/strong><\/p>\n\n\n\n<div style=\"height:100px;width:10px\" aria-hidden=\"true\" class=\"wp-block-spacer wp-container-content-728072c3\"><\/div>\n\n\n\n<p class=\"has-tinos-font-family has-large-font-size\" style=\"margin-top:0px;margin-right:0px;margin-bottom:0px;margin-left:0px;padding-top:0px;padding-right:0px;padding-bottom:0px;padding-left:0px\"><strong>Sa\u00fade<\/strong><\/p>\n<\/div>\n\n\n\n<div class=\"wp-block-columns is-layout-flex wp-container-core-columns-is-layout-d0b3c9c8 wp-block-columns-is-layout-flex\">\n<div class=\"wp-block-column has-border-color has-contrast-border-color has-base-2-background-color has-background is-layout-flow wp-block-column-is-layout-flow\" style=\"--col-width:;border-width:1px\">\n<div class=\"wp-block-group has-global-padding is-layout-constrained wp-container-core-group-is-layout-889ed5b7 wp-block-group-is-layout-constrained\" style=\"border-radius:0px;padding-top:0;padding-right:0;padding-bottom:var(--wp--preset--spacing--20);padding-left:0\">\n<figure class=\"wp-block-image alignfull size-full has-custom-border\"><a href=\"https:\/\/jornaleconomico.sapo.pt\/noticias\/vai-certamente-encontrar-se-uma-solucao-para-o-sns-declara-pedro-pita-barros\/\"><img loading=\"lazy\" decoding=\"async\" width=\"960\" height=\"600\" src=\"https:\/\/innovatalks.medianove.com\/wp-content\/uploads\/2024\/12\/Vai-certamente-.jpg\" alt=\"\" class=\"wp-image-550\" style=\"border-radius:0px\" srcset=\"https:\/\/innovatalks.medianove.com\/wp-content\/uploads\/2024\/12\/Vai-certamente-.jpg 960w, https:\/\/innovatalks.medianove.com\/wp-content\/uploads\/2024\/12\/Vai-certamente--300x188.jpg 300w, https:\/\/innovatalks.medianove.com\/wp-content\/uploads\/2024\/12\/Vai-certamente--768x480.jpg 768w\" sizes=\"auto, (max-width: 960px) 100vw, 960px\" \/><\/a><\/figure>\n\n\n\n<div class=\"wp-block-group alignwide has-global-padding is-layout-constrained wp-container-core-group-is-layout-7f19f049 wp-block-group-is-layout-constrained\" style=\"margin-top:10px;margin-bottom:10px;padding-right:var(--wp--preset--spacing--20);padding-left:var(--wp--preset--spacing--20)\">\n<p class=\"has-contrast-3-color has-text-color has-link-color has-small-font-size wp-elements-41d2d84a912e2e7898a7a32576e78505\">28 de Maio de 2024<\/p>\n\n\n\n<h4 class=\"wp-block-heading\"><a href=\"https:\/\/jornaleconomico.sapo.pt\/noticias\/vai-certamente-encontrar-se-uma-solucao-para-o-sns-declara-pedro-pita-barros\/\" target=\"_blank\" rel=\"noreferrer noopener\">\u201cVai certamente encontrar-se uma solu\u00e7\u00e3o\u201d para o SNS, declara Pedro Pita Barros<\/a><\/h4>\n\n\n\n<p style=\"padding-top:var(--wp--preset--spacing--30);padding-bottom:var(--wp--preset--spacing--30)\">No primeiro epis\u00f3dio do novo programa do Jornal Econ\u00f3mico, s\u00e3o debatidos os problemas do sector da sa\u00fade em Portugal, nomeadamente as dificuldades que o Servi\u00e7o Nacional de Sa\u00fade enfrenta.<\/p>\n\n\n\n<div style=\"height:31px\" aria-hidden=\"true\" class=\"wp-block-spacer\"><\/div>\n\n\n\n<p class=\"has-contrast-2-color has-text-color has-link-color wp-elements-e00057b5cb881eb75c6956df9b17ca2a\"><em><a href=\"https:\/\/jornaleconomico.sapo.pt\/noticias\/vai-certamente-encontrar-se-uma-solucao-para-o-sns-declara-pedro-pita-barros\/\">Fonte: Jornal Econ\u00f3mico<\/a><\/em><\/p>\n\n\n\n<div class=\"wp-block-buttons is-layout-flex wp-block-buttons-is-layout-flex\">\n<div class=\"wp-block-button\"><a class=\"wp-block-button__link wp-element-button\" href=\"https:\/\/jornaleconomico.sapo.pt\/noticias\/vai-certamente-encontrar-se-uma-solucao-para-o-sns-declara-pedro-pita-barros\/\" target=\"_blank\" rel=\"noreferrer noopener\">Ler mais <\/a><\/div>\n<\/div>\n<\/div>\n\n\n\n<div style=\"height:25px\" aria-hidden=\"true\" class=\"wp-block-spacer\"><\/div>\n<\/div>\n<\/div>\n\n\n\n<div class=\"wp-block-column has-border-color has-contrast-border-color has-base-2-background-color has-background is-layout-flow wp-block-column-is-layout-flow\" style=\"--col-width:;border-width:1px\">\n<div class=\"wp-block-group has-global-padding is-layout-constrained wp-container-core-group-is-layout-889ed5b7 wp-block-group-is-layout-constrained\" style=\"border-radius:0px;padding-top:0;padding-right:0;padding-bottom:var(--wp--preset--spacing--20);padding-left:0\">\n<figure class=\"wp-block-image alignfull size-large has-custom-border\"><a href=\"https:\/\/jornaleconomico.sapo.pt\/noticias\/quanto-da-cobertura-de-seguros-sobrevive-por-haver-esta-crise-no-sns\/\" target=\"_blank\" rel=\"noreferrer noopener\"><img decoding=\"async\" src=\"https:\/\/jornaleconomico.sapo.pt\/wp-content\/themes\/yootheme\/cache\/ac\/Sem-nome-600-%C3%97-960-px-960-%C3%97-600-px-4-acf091b0.webp\" alt=\"\" style=\"border-radius:0px\"\/><\/a><\/figure>\n\n\n\n<div class=\"wp-block-group alignwide has-global-padding is-layout-constrained wp-container-core-group-is-layout-7f19f049 wp-block-group-is-layout-constrained\" style=\"margin-top:10px;margin-bottom:10px;padding-right:var(--wp--preset--spacing--20);padding-left:var(--wp--preset--spacing--20)\">\n<p class=\"has-contrast-3-color has-text-color has-link-color has-small-font-size wp-elements-4e2eefc899bace911a60039d9fdc21ac\">2 de Julho de 2024<\/p>\n\n\n\n<h4 class=\"wp-block-heading\"><a href=\"https:\/\/jornaleconomico.sapo.pt\/noticias\/quanto-da-cobertura-de-seguros-sobrevive-por-haver-esta-crise-no-sns\/\" target=\"_blank\" rel=\"noreferrer noopener\">\u201cQuanto da cobertura de seguros sobrevive por haver esta crise no SNS?\u201d<\/a><\/h4>\n\n\n\n<p style=\"padding-top:var(--wp--preset--spacing--30);padding-bottom:var(--wp--preset--spacing--30)\">Neste epis\u00f3dio, do novo programa d\u2019O Jornal Econ\u00f3mico, Pedro Pita Barros, professor da Nova SBE, Carla Benedito, diretora-geral Takeda em Portugal e Carlos Martins, COO da Sabseg debatem o futuro dos seguros numa conversa moderada por Filipe Alves, diretor d\u2019O Jornal Econ\u00f3mico.<\/p>\n\n\n\n<p class=\"has-contrast-2-color has-text-color has-link-color wp-elements-ff073fcb60ecbb7b4925f1b3b6f11258\"><em><a href=\"https:\/\/jornaleconomico.sapo.pt\/noticias\/quanto-da-cobertura-de-seguros-sobrevive-por-haver-esta-crise-no-sns\/\">Fonte: Jornal Econ\u00f3mico<\/a><\/em><\/p>\n\n\n\n<div class=\"wp-block-buttons is-layout-flex wp-block-buttons-is-layout-flex\">\n<div class=\"wp-block-button\"><a class=\"wp-block-button__link wp-element-button\" href=\"https:\/\/jornaleconomico.sapo.pt\/noticias\/quanto-da-cobertura-de-seguros-sobrevive-por-haver-esta-crise-no-sns\" target=\"_blank\" rel=\"noreferrer noopener\">Ler mais <\/a><\/div>\n<\/div>\n<\/div>\n\n\n\n<div style=\"height:25px\" aria-hidden=\"true\" class=\"wp-block-spacer\"><\/div>\n<\/div>\n<\/div>\n\n\n\n<div class=\"wp-block-column has-border-color has-contrast-border-color has-base-2-background-color has-background is-layout-flow wp-block-column-is-layout-flow\" style=\"--col-width:;border-width:1px\">\n<div class=\"wp-block-group has-global-padding is-layout-constrained wp-container-core-group-is-layout-889ed5b7 wp-block-group-is-layout-constrained\" style=\"border-radius:0px;padding-top:0;padding-right:0;padding-bottom:var(--wp--preset--spacing--20);padding-left:0\">\n<figure class=\"wp-block-image alignfull size-full has-custom-border\"><a href=\"https:\/\/jornaleconomico.sapo.pt\/noticias\/e-importante-a-populacao-envelhecer-e-bom-sinal-mas-e-importante-que-envelheca-com-qualidade\/\" target=\"_blank\" rel=\"noreferrer noopener\"><img loading=\"lazy\" decoding=\"async\" width=\"960\" height=\"600\" src=\"https:\/\/innovatalks.medianove.com\/wp-content\/uploads\/2024\/12\/Sem-nome-600-\u00d7-960-px-960-\u00d7-600-px-16-2508181c.png\" alt=\"\" class=\"wp-image-549\" style=\"border-radius:0px\" srcset=\"https:\/\/innovatalks.medianove.com\/wp-content\/uploads\/2024\/12\/Sem-nome-600-\u00d7-960-px-960-\u00d7-600-px-16-2508181c.png 960w, https:\/\/innovatalks.medianove.com\/wp-content\/uploads\/2024\/12\/Sem-nome-600-\u00d7-960-px-960-\u00d7-600-px-16-2508181c-300x188.png 300w, https:\/\/innovatalks.medianove.com\/wp-content\/uploads\/2024\/12\/Sem-nome-600-\u00d7-960-px-960-\u00d7-600-px-16-2508181c-768x480.png 768w\" sizes=\"auto, (max-width: 960px) 100vw, 960px\" \/><\/a><\/figure>\n\n\n\n<div class=\"wp-block-group alignwide has-global-padding is-layout-constrained wp-container-core-group-is-layout-7f19f049 wp-block-group-is-layout-constrained\" style=\"margin-top:10px;margin-bottom:10px;padding-right:var(--wp--preset--spacing--20);padding-left:var(--wp--preset--spacing--20)\">\n<p class=\"has-contrast-3-color has-text-color has-link-color has-small-font-size wp-elements-3ec6ca7b57ffe9ee00ce86c2af8f912e\">30 de Julho de 2024<\/p>\n\n\n\n<h4 class=\"wp-block-heading\"><a href=\"https:\/\/jornaleconomico.sapo.pt\/noticias\/e-importante-a-populacao-envelhecer-e-bom-sinal-mas-e-importante-que-envelheca-com-qualidade\/\" target=\"_blank\" rel=\"noreferrer noopener\">\u201c\u00c9 importante a popula\u00e7\u00e3o envelhecer, \u00e9 bom sinal, mas \u00e9 importante que envelhe\u00e7a com qualidade\u201d<\/a><\/h4>\n\n\n\n<p style=\"padding-top:var(--wp--preset--spacing--10);padding-bottom:var(--wp--preset--spacing--10)\">Neste epis\u00f3dio deste projeto da Media 9 e da Nova SBE, Filipe Alves, diretor d\u2019O Jornal Econ\u00f3mico, esteve \u00e0 conversa com Pedro Pita Barros, professor a Nova SBE, In\u00eas Nobre Guedes, Medical &amp; Regulatory Country Head da Takeda e Carlos Martins, COO da Sabseg, sobre a import\u00e2ncia da inova\u00e7\u00e3o para responder aos novos desafios na \u00e1rea da sa\u00fade.<\/p>\n\n\n\n<p class=\"has-contrast-2-color has-text-color has-link-color wp-elements-b89f43570157f12d60c1e4557fcbecf5\"><em><a href=\"https:\/\/jornaleconomico.sapo.pt\/noticias\/e-importante-a-populacao-envelhecer-e-bom-sinal-mas-e-importante-que-envelheca-com-qualidade\/\">Fonte: Jornal Econ\u00f3mico<\/a><\/em><\/p>\n\n\n\n<div class=\"wp-block-buttons is-layout-flex wp-block-buttons-is-layout-flex\">\n<div class=\"wp-block-button\"><a class=\"wp-block-button__link wp-element-button\" href=\"https:\/\/jornaleconomico.sapo.pt\/noticias\/e-importante-a-populacao-envelhecer-e-bom-sinal-mas-e-importante-que-envelheca-com-qualidade\/\" target=\"_blank\" rel=\"noreferrer noopener\">Ler mais <\/a><\/div>\n<\/div>\n<\/div>\n\n\n\n<div style=\"height:25px\" aria-hidden=\"true\" class=\"wp-block-spacer\"><\/div>\n<\/div>\n<\/div>\n<\/div>\n\n\n\n<h3 class=\"wp-block-heading\" style=\"margin-top:14px;margin-bottom:14px\">Videocast<\/h3>\n\n\n\n<div class=\"wp-block-columns is-layout-flex wp-container-core-columns-is-layout-d0b3c9c8 wp-block-columns-is-layout-flex\">\n<div class=\"wp-block-column is-vertically-aligned-stretch has-base-2-color has-contrast-background-color has-text-color has-background has-link-color wp-elements-321909488f959b18f20defce2fde2f77 is-layout-flow wp-block-column-is-layout-flow\" style=\"padding-top:var(--wp--preset--spacing--10);padding-right:var(--wp--preset--spacing--10);padding-bottom:var(--wp--preset--spacing--10);padding-left:var(--wp--preset--spacing--10)\">\n<div style=\"height:10px\" aria-hidden=\"true\" class=\"wp-block-spacer\"><\/div>\n\n\n\n<div class=\"wp-block-group has-border-color has-base-2-border-color is-layout-flow wp-block-group-is-layout-flow\">\n<figure class=\"wp-block-embed is-type-video is-provider-youtube wp-block-embed-youtube wp-embed-aspect-16-9 wp-has-aspect-ratio\"><div class=\"wp-block-embed__wrapper\">\n<iframe loading=\"lazy\" title=\"InNova Talks: Como vai evoluir o sector da Sa\u00fade?\" width=\"500\" height=\"281\" src=\"https:\/\/www.youtube.com\/embed\/w1SwoHwLc04?feature=oembed\" frameborder=\"0\" allow=\"accelerometer; autoplay; clipboard-write; encrypted-media; gyroscope; picture-in-picture; web-share\" referrerpolicy=\"strict-origin-when-cross-origin\" allowfullscreen><\/iframe>\n<\/div><\/figure>\n<\/div>\n\n\n\n<h4 class=\"wp-block-heading has-base-2-color has-text-color has-link-color wp-elements-0574906a35afe5b9e908329e12803f90\"><strong><strong>Como vai evoluir o sector da Sa\u00fade?<\/strong><\/strong><\/h4>\n\n\n\n<p>O primeiro epis\u00f3dio ser\u00e1 dedicado ao tema da sa\u00fade, um sector em constante evolu\u00e7\u00e3o e que tem um papel cada vez mais essencial na sociedade. Pedro Pita Barros, professor da Universidade Nova SBE; Carlos Martins, COO Sabseg e Sofia Cochado, Market Access &amp; Corporate Head da Takeda, foram os convidados desta iniciativa.<\/p>\n<\/div>\n\n\n\n<div class=\"wp-block-column is-vertically-aligned-stretch has-base-2-color has-contrast-background-color has-text-color has-background has-link-color wp-elements-a7826c592646f821ef6ef2db7a517faa is-layout-flow wp-block-column-is-layout-flow\" style=\"padding-top:var(--wp--preset--spacing--10);padding-right:var(--wp--preset--spacing--10);padding-bottom:var(--wp--preset--spacing--10);padding-left:var(--wp--preset--spacing--10)\">\n<div style=\"height:10px\" aria-hidden=\"true\" class=\"wp-block-spacer\"><\/div>\n\n\n\n<div class=\"wp-block-group has-border-color has-base-2-border-color is-layout-flow wp-block-group-is-layout-flow\">\n<figure class=\"wp-block-embed is-type-video is-provider-youtube wp-block-embed-youtube wp-embed-aspect-16-9 wp-has-aspect-ratio\"><div class=\"wp-block-embed__wrapper\">\n<iframe loading=\"lazy\" title=\"O futuro dos seguros\" width=\"500\" height=\"281\" src=\"https:\/\/www.youtube.com\/embed\/CJCuPuc6w1E?feature=oembed\" frameborder=\"0\" allow=\"accelerometer; autoplay; clipboard-write; encrypted-media; gyroscope; picture-in-picture; web-share\" referrerpolicy=\"strict-origin-when-cross-origin\" allowfullscreen><\/iframe>\n<\/div><\/figure>\n<\/div>\n\n\n\n<h4 class=\"wp-block-heading has-base-2-color has-text-color has-link-color wp-elements-52876081be4811cdae15ee291a5d0c9a\"><strong><strong>O futuro dos seguros<\/strong><\/strong><\/h4>\n\n\n\n<p>Pedro Pita Barros, professor da Nova SBE; Carlos Martins, COO Sabseg e Carla Benedito, diretora-geral da Takeda, foram os convidados desta iniciativa, uma parceria entre o grupo Media N9ve e a Nova School of Business and Economics.<\/p>\n<\/div>\n\n\n\n<div class=\"wp-block-column is-vertically-aligned-stretch has-base-2-color has-contrast-background-color has-text-color has-background has-link-color wp-elements-4d5d51791431b8370b79e1d1d99e56ae is-layout-flow wp-block-column-is-layout-flow\" style=\"padding-top:var(--wp--preset--spacing--10);padding-right:var(--wp--preset--spacing--10);padding-bottom:var(--wp--preset--spacing--10);padding-left:var(--wp--preset--spacing--10)\">\n<div style=\"height:10px\" aria-hidden=\"true\" class=\"wp-block-spacer\"><\/div>\n\n\n\n<div class=\"wp-block-group has-border-color has-base-2-border-color is-layout-flow wp-block-group-is-layout-flow\">\n<figure class=\"wp-block-embed is-type-video is-provider-youtube wp-block-embed-youtube wp-embed-aspect-16-9 wp-has-aspect-ratio\"><div class=\"wp-block-embed__wrapper\">\n<iframe loading=\"lazy\" title=\"Novos desafios na \u00e1rea da sa\u00fade\" width=\"500\" height=\"281\" src=\"https:\/\/www.youtube.com\/embed\/a5bDxuNnUJE?feature=oembed\" frameborder=\"0\" allow=\"accelerometer; autoplay; clipboard-write; encrypted-media; gyroscope; picture-in-picture; web-share\" referrerpolicy=\"strict-origin-when-cross-origin\" allowfullscreen><\/iframe>\n<\/div><\/figure>\n<\/div>\n\n\n\n<h4 class=\"wp-block-heading has-base-2-color has-text-color has-link-color wp-elements-7a6a57325f4fa6b712b168afef59faf6\"><strong>Novos desafios na \u00e1rea da sa\u00fade<\/strong><\/h4>\n\n\n\n<p>Neste epis\u00f3dio deste projeto da Media 9 e da Nova SBE, Filipe Alves, diretor d\u2019O Jornal Econ\u00f3mico, esteve \u00e0 conversa com Pedro Pita Barros, professor da Nova SBE, In\u00eas Nobre Guedes, Medical &amp; Regulatory Country Head da Takeda e Carlos Martins, COO da Sabseg, sobre a import\u00e2ncia da inova\u00e7\u00e3o para responder aos novos desafios na \u00e1rea da sa\u00fade.<\/p>\n<\/div>\n<\/div>\n\n\n\n<div style=\"height:25px\" aria-hidden=\"true\" class=\"wp-block-spacer\"><\/div>\n<\/section>\n\n\n\n<section class=\"wp-block-group alignwide section is-layout-flow wp-block-group-is-layout-flow\" id=\"economiaazul\" style=\"margin-top:0px;margin-bottom:0px;padding-top:var(--wp--preset--spacing--20);padding-bottom:var(--wp--preset--spacing--20)\">\n<div class=\"wp-block-group is-horizontal is-content-justification-left is-layout-flex wp-container-core-group-is-layout-a9dc0f66 wp-block-group-is-layout-flex\" style=\"margin-top:0px;margin-bottom:0px\">\n<figure class=\"wp-block-image size-full is-resized has-custom-border\"><img loading=\"lazy\" decoding=\"async\" width=\"1161\" height=\"161\" src=\"https:\/\/innovatalks.medianove.com\/wp-content\/uploads\/2024\/04\/innovatalks-logo-1.png\" alt=\"\" class=\"wp-image-255\" style=\"border-right-style:none;border-right-width:0px;width:177px;height:auto\" srcset=\"https:\/\/innovatalks.medianove.com\/wp-content\/uploads\/2024\/04\/innovatalks-logo-1.png 1161w, https:\/\/innovatalks.medianove.com\/wp-content\/uploads\/2024\/04\/innovatalks-logo-1-300x42.png 300w, https:\/\/innovatalks.medianove.com\/wp-content\/uploads\/2024\/04\/innovatalks-logo-1-1024x142.png 1024w, https:\/\/innovatalks.medianove.com\/wp-content\/uploads\/2024\/04\/innovatalks-logo-1-768x107.png 768w\" sizes=\"auto, (max-width: 1161px) 100vw, 1161px\" \/><\/figure>\n\n\n\n<div style=\"height:100px;width:10px\" aria-hidden=\"true\" class=\"wp-block-spacer wp-container-content-728072c3\"><\/div>\n\n\n\n<p class=\"has-text-color has-link-color has-large-font-size wp-elements-f448f46619c82fb4555b33863387f26d\" style=\"color:#2bb7ff\"><strong>|<\/strong><\/p>\n\n\n\n<div style=\"height:100px;width:10px\" aria-hidden=\"true\" class=\"wp-block-spacer wp-container-content-728072c3\"><\/div>\n\n\n\n<p class=\"has-tinos-font-family has-large-font-size\" style=\"margin-top:0px;margin-right:0px;margin-bottom:0px;margin-left:0px;padding-top:0px;padding-right:0px;padding-bottom:0px;padding-left:0px\"><strong>Economia Azul<\/strong><\/p>\n<\/div>\n\n\n\n<div class=\"wp-block-columns has-contrast-background-color has-background is-layout-flex wp-container-core-columns-is-layout-d0b3c9c8 wp-block-columns-is-layout-flex\">\n<div class=\"wp-block-column is-vertically-aligned-stretch has-base-2-color has-contrast-background-color has-text-color has-background has-link-color wp-elements-2a7037e9c8834d267a06738c94220aa4 has-global-padding is-layout-constrained wp-container-core-column-is-layout-86dba5ee wp-block-column-is-layout-constrained\" style=\"padding-top:var(--wp--preset--spacing--10);padding-right:var(--wp--preset--spacing--10);padding-bottom:var(--wp--preset--spacing--10);padding-left:var(--wp--preset--spacing--10)\">\n<div class=\"wp-block-group has-border-color has-base-2-border-color is-layout-flow wp-block-group-is-layout-flow\">\n<figure class=\"wp-block-embed is-type-video is-provider-youtube wp-block-embed-youtube wp-embed-aspect-16-9 wp-has-aspect-ratio\"><div class=\"wp-block-embed__wrapper\">\n<iframe loading=\"lazy\" title=\"InNova Talks: Como vai evoluir o sector da Economia Azul?\" width=\"500\" height=\"281\" src=\"https:\/\/www.youtube.com\/embed\/_lu8BpXsc2s?feature=oembed\" frameborder=\"0\" allow=\"accelerometer; autoplay; clipboard-write; encrypted-media; gyroscope; picture-in-picture; web-share\" referrerpolicy=\"strict-origin-when-cross-origin\" allowfullscreen><\/iframe>\n<\/div><\/figure>\n<\/div>\n<\/div>\n\n\n\n<div class=\"wp-block-column is-vertically-aligned-center is-layout-flow wp-block-column-is-layout-flow\" style=\"--col-width:36.37%;flex-basis:36.37%\">\n<div class=\"wp-block-group has-global-padding is-layout-constrained wp-container-core-group-is-layout-889ed5b7 wp-block-group-is-layout-constrained\" style=\"border-style:none;border-width:0px;border-radius:0px;padding-top:0;padding-right:0;padding-bottom:var(--wp--preset--spacing--20);padding-left:0\">\n<h4 class=\"wp-block-heading has-base-2-color has-text-color has-link-color wp-elements-e078b06a806f35b95bb1ed3cf4a7b65e\" style=\"padding-right:var(--wp--preset--spacing--10);padding-left:var(--wp--preset--spacing--10)\"><strong><strong>Como vai evoluir o sector da Economia Azul<\/strong><\/strong><\/h4>\n\n\n\n<p class=\"has-base-2-color has-text-color has-link-color wp-elements-7142ad78a4f8b1f150cb760269d9ba74\" style=\"padding-right:var(--wp--preset--spacing--10);padding-left:var(--wp--preset--spacing--10)\">Ant\u00f3nio Nogueira Leite, professor da Universidade Nova SBE, foi o convidado desta iniciativa, uma parceria entre o grupo Media N9ve e a Nova School of Business and Economics.<\/p>\n<\/div>\n<\/div>\n<\/div>\n\n\n\n<div class=\"wp-block-columns is-layout-flex wp-container-core-columns-is-layout-d0b3c9c8 wp-block-columns-is-layout-flex\">\n<div class=\"wp-block-column has-border-color has-contrast-3-border-color has-base-2-background-color has-background is-layout-flow wp-block-column-is-layout-flow\" style=\"border-width:1px;padding-top:0;padding-right:0;padding-bottom:0;padding-left:0\">\n<figure class=\"wp-block-image size-large has-custom-border\" style=\"padding-top:0;padding-right:0;padding-bottom:var(--wp--preset--spacing--20);padding-left:0\"><a href=\"https:\/\/jornaleconomico.sapo.pt\/noticias\/portugal-nao-pode-abrir-mao-de-um-recurso-que-e-seu\/\" target=\"_blank\" rel=\" noreferrer noopener\"><img loading=\"lazy\" decoding=\"async\" width=\"1024\" height=\"683\" src=\"https:\/\/innovatalks.medianove.com\/wp-content\/uploads\/2024\/12\/portugal-nao-pode-1024x683.jpg\" alt=\"\" class=\"wp-image-563\" style=\"border-style:none;border-width:0px;border-radius:0px\" srcset=\"https:\/\/innovatalks.medianove.com\/wp-content\/uploads\/2024\/12\/portugal-nao-pode-1024x683.jpg 1024w, https:\/\/innovatalks.medianove.com\/wp-content\/uploads\/2024\/12\/portugal-nao-pode-300x200.jpg 300w, https:\/\/innovatalks.medianove.com\/wp-content\/uploads\/2024\/12\/portugal-nao-pode-768x512.jpg 768w, https:\/\/innovatalks.medianove.com\/wp-content\/uploads\/2024\/12\/portugal-nao-pode-1536x1024.jpg 1536w, https:\/\/innovatalks.medianove.com\/wp-content\/uploads\/2024\/12\/portugal-nao-pode.jpg 1600w\" sizes=\"auto, (max-width: 1024px) 100vw, 1024px\" \/><\/a><\/figure>\n\n\n\n<p class=\"has-text-align-left has-contrast-3-color has-text-color has-link-color has-small-font-size wp-elements-bee99b8ac2d369ac733dbf38b5ccd7f5\" style=\"margin-top:0;margin-right:var(--wp--preset--spacing--10);margin-bottom:0;margin-left:var(--wp--preset--spacing--10)\">  25 de julho de 2024<\/p>\n\n\n\n<div class=\"wp-block-group alignwide has-global-padding is-layout-constrained wp-container-core-group-is-layout-7f19f049 wp-block-group-is-layout-constrained\" style=\"margin-top:10px;margin-bottom:10px;padding-right:var(--wp--preset--spacing--20);padding-left:var(--wp--preset--spacing--20)\">\n<h4 class=\"wp-block-heading\"><a href=\"https:\/\/jornaleconomico.sapo.pt\/noticias\/portugal-nao-pode-abrir-mao-de-um-recurso-que-e-seu\/\" target=\"_blank\" rel=\"noreferrer noopener\">\u201cPortugal n\u00e3o pode abrir m\u00e3o de um recurso que \u00e9 seu\u201d<\/a><\/h4>\n\n\n\n<p>Assista ao \u00faltimo epis\u00f3dio da primeira s\u00e9rie do InNova Talks, o projeto que uniu a Media Nove e a Nova SBE para debater os grandes temas da economia atual.<\/p>\n\n\n\n<p class=\"has-contrast-2-color has-text-color has-link-color wp-elements-2f219332ddeb0612cbad75de0c4573f3\"><em><a href=\"https:\/\/jornaleconomico.sapo.pt\/noticias\/portugal-nao-pode-abrir-mao-de-um-recurso-que-e-seu\/\">Fonte: Jornal Econ\u00f3mico<\/a><\/em><\/p>\n\n\n\n<div class=\"wp-block-buttons has-link-color wp-elements-8cd5155ffe53ace4e6f54b45d09d5e06 is-layout-flex wp-block-buttons-is-layout-flex\">\n<div class=\"wp-block-button\"><a class=\"wp-block-button__link wp-element-button\" href=\"https:\/\/jornaleconomico.sapo.pt\/noticias\/portugal-nao-pode-abrir-mao-de-um-recurso-que-e-seu\/\">Ler mais<\/a><\/div>\n<\/div>\n<\/div>\n<\/div>\n\n\n\n<div class=\"wp-block-column has-base-2-color has-contrast-background-color has-text-color has-background has-link-color wp-elements-4dda6cab3d368a52526fc40e8955e377 is-layout-flow wp-block-column-is-layout-flow\" style=\"padding-top:var(--wp--preset--spacing--10);padding-right:var(--wp--preset--spacing--10);padding-bottom:var(--wp--preset--spacing--10);padding-left:var(--wp--preset--spacing--10)\">\n<h4 class=\"wp-block-heading has-base-2-color has-text-color has-link-color wp-elements-80e11a624b2ec41934b122ea67d0ab7c\"><strong>Videocast<\/strong><\/h4>\n\n\n\n<figure class=\"wp-block-embed is-type-video is-provider-youtube wp-block-embed-youtube wp-embed-aspect-16-9 wp-has-aspect-ratio\"><div class=\"wp-block-embed__wrapper\">\n<iframe loading=\"lazy\" title=\"InNova Talks: A Economia Azul e o papel de Portugal na reindustrializa\u00e7\u00e3o da Europa\" width=\"500\" height=\"281\" src=\"https:\/\/www.youtube.com\/embed\/QJnJx7CGWEc?feature=oembed\" frameborder=\"0\" allow=\"accelerometer; autoplay; clipboard-write; encrypted-media; gyroscope; picture-in-picture; web-share\" referrerpolicy=\"strict-origin-when-cross-origin\" allowfullscreen><\/iframe>\n<\/div><\/figure>\n\n\n\n<h4 class=\"wp-block-heading has-base-2-color has-text-color has-link-color wp-elements-fe71c25607b6d4132d61e61ae6790d4b\"><strong>A Economia Azul e o papel de Portugal na reindustrializa\u00e7\u00e3o da Europa<\/strong><\/h4>\n\n\n\n<p>Neste epis\u00f3dio, este sector em constante evolu\u00e7\u00e3o e que tem um papel cada vez mais essencial na sociedade, volta a estar em destaque. Pode Portugal ter um papel importante na reindustrializa\u00e7\u00e3o da Europa? Ant\u00f3nio Nogueira Leite, professor da Universidade Nova SBE, foi o convidado desta iniciativa.<\/p>\n<\/div>\n<\/div>\n<\/section>\n\n\n\n<section class=\"wp-block-group alignwide section is-layout-flow wp-block-group-is-layout-flow\" id=\"empreendedorismo\" style=\"margin-top:0px;margin-bottom:0px;padding-top:var(--wp--preset--spacing--20);padding-bottom:var(--wp--preset--spacing--20)\">\n<div class=\"wp-block-group is-horizontal is-content-justification-left is-layout-flex wp-container-core-group-is-layout-a9dc0f66 wp-block-group-is-layout-flex\" style=\"margin-top:0px;margin-bottom:0px\">\n<figure class=\"wp-block-image size-full is-resized has-custom-border\"><img loading=\"lazy\" decoding=\"async\" width=\"1161\" height=\"161\" src=\"https:\/\/innovatalks.medianove.com\/wp-content\/uploads\/2024\/04\/innovatalks-logo-1.png\" alt=\"\" class=\"wp-image-255\" style=\"border-right-style:none;border-right-width:0px;width:177px;height:auto\" srcset=\"https:\/\/innovatalks.medianove.com\/wp-content\/uploads\/2024\/04\/innovatalks-logo-1.png 1161w, https:\/\/innovatalks.medianove.com\/wp-content\/uploads\/2024\/04\/innovatalks-logo-1-300x42.png 300w, https:\/\/innovatalks.medianove.com\/wp-content\/uploads\/2024\/04\/innovatalks-logo-1-1024x142.png 1024w, https:\/\/innovatalks.medianove.com\/wp-content\/uploads\/2024\/04\/innovatalks-logo-1-768x107.png 768w\" sizes=\"auto, (max-width: 1161px) 100vw, 1161px\" \/><\/figure>\n\n\n\n<div style=\"height:100px;width:10px\" aria-hidden=\"true\" class=\"wp-block-spacer wp-container-content-728072c3\"><\/div>\n\n\n\n<p class=\"has-text-color has-link-color has-large-font-size wp-elements-f448f46619c82fb4555b33863387f26d\" style=\"color:#2bb7ff\"><strong>|<\/strong><\/p>\n\n\n\n<div style=\"height:100px;width:10px\" aria-hidden=\"true\" class=\"wp-block-spacer wp-container-content-728072c3\"><\/div>\n\n\n\n<p class=\"has-tinos-font-family has-large-font-size\" style=\"margin-top:0px;margin-right:0px;margin-bottom:0px;margin-left:0px;padding-top:0px;padding-right:0px;padding-bottom:0px;padding-left:0px\"><strong>Empreendedorismo<\/strong><\/p>\n<\/div>\n\n\n\n<div class=\"wp-block-columns is-layout-flex wp-container-core-columns-is-layout-d0b3c9c8 wp-block-columns-is-layout-flex\">\n<div class=\"wp-block-column is-vertically-aligned-stretch has-border-color has-contrast-3-border-color has-base-2-background-color has-background is-layout-flow wp-block-column-is-layout-flow\" style=\"border-width:1px;padding-top:0;padding-right:0;padding-bottom:0;padding-left:0\">\n<div class=\"wp-block-group has-global-padding is-layout-constrained wp-container-core-group-is-layout-889ed5b7 wp-block-group-is-layout-constrained\" style=\"border-style:none;border-width:0px;border-radius:0px;padding-top:0;padding-right:0;padding-bottom:var(--wp--preset--spacing--20);padding-left:0\">\n<figure class=\"wp-block-image alignfull size-large has-custom-border\"><a href=\"https:\/\/www.forbespt.com\/innova-talks-como-vai-evoluir-o-empreendedorismo\/\" target=\"_blank\" rel=\"noreferrer noopener\"><img decoding=\"async\" src=\"https:\/\/forbespt.fra1.digitaloceanspaces.com\/wp-content\/uploads\/2024\/06\/14112803\/Imagem-WhatsApp-2024-06-14-as-11.23.40_0539b279_750x540_acf_cropped.jpg\" alt=\"\" style=\"border-radius:0px\"\/><\/a><\/figure>\n\n\n\n<div class=\"wp-block-group alignwide has-global-padding is-layout-constrained wp-container-core-group-is-layout-7f19f049 wp-block-group-is-layout-constrained\" style=\"margin-top:10px;margin-bottom:10px;padding-right:var(--wp--preset--spacing--20);padding-left:var(--wp--preset--spacing--20)\">\n<p class=\"has-contrast-3-color has-text-color has-link-color has-small-font-size wp-elements-ed2d1ba5ab19a1faa459ce27d37e51d2\">14 de junho de 2024<\/p>\n\n\n\n<h4 class=\"wp-block-heading\"><a href=\"https:\/\/jornaleconomico.sapo.pt\/noticias\/a-decisao-de-criar-um-negocio-e-dificil-acarreta-riscos-mas-e-importante-para-o-futuro-do-pais-2\/\" target=\"_blank\" rel=\"noreferrer noopener\">\u201cA decis\u00e3o de criar um neg\u00f3cio \u00e9 dif\u00edcil, acarreta riscos, mas \u00e9 importante para o futuro do pa\u00eds\u201d<\/a><\/h4>\n\n\n\n<p>O tema do empreendedorismo estreou as InNova Talks, parceria entre a Media N9ve e a Nova School of Business and Economics. Ant\u00f3nio Nabais de Carvalho, Jos\u00e9 Gon\u00e7alves e Pedro Bonvalot foram convidados.<\/p>\n\n\n\n<p class=\"has-contrast-2-color has-text-color has-link-color wp-elements-1c9a17b72e6089fa8f2fd29919574533\"><em><a href=\"https:\/\/www.forbespt.com\/innova-talks-como-vai-evoluir-o-empreendedorismo\/\">Fonte: Forbes Portugal<\/a><\/em><\/p>\n\n\n\n<div class=\"wp-block-buttons is-layout-flex wp-block-buttons-is-layout-flex\">\n<div class=\"wp-block-button\"><a class=\"wp-block-button__link wp-element-button\" href=\"https:\/\/www.forbespt.com\/innova-talks-como-vai-evoluir-o-empreendedorismo\/\">Ler mais<\/a><\/div>\n<\/div>\n<\/div>\n<\/div>\n<\/div>\n\n\n\n<div class=\"wp-block-column is-vertically-aligned-stretch has-base-2-color has-contrast-background-color has-text-color has-background has-link-color wp-elements-a91beed43ce441c88325ce98694c3002 is-layout-flow wp-block-column-is-layout-flow\" style=\"padding-top:var(--wp--preset--spacing--10);padding-right:var(--wp--preset--spacing--10);padding-bottom:var(--wp--preset--spacing--10);padding-left:var(--wp--preset--spacing--10)\">\n<div style=\"height:15px\" aria-hidden=\"true\" class=\"wp-block-spacer\"><\/div>\n\n\n\n<h4 class=\"wp-block-heading has-base-2-color has-text-color has-link-color wp-elements-1db533c032c3ee5bb92062e79b4bcbd8\">Videocast<\/h4>\n\n\n\n<div class=\"wp-block-group has-border-color has-base-2-border-color is-layout-flow wp-block-group-is-layout-flow\">\n<figure class=\"wp-block-embed is-type-video is-provider-youtube wp-block-embed-youtube wp-embed-aspect-16-9 wp-has-aspect-ratio\"><div class=\"wp-block-embed__wrapper\">\n<iframe loading=\"lazy\" title=\"InNova Talks: As novas din\u00e2micas do Empreendedorismo\" width=\"500\" height=\"281\" src=\"https:\/\/www.youtube.com\/embed\/tXtlYBkIbsQ?feature=oembed\" frameborder=\"0\" allow=\"accelerometer; autoplay; clipboard-write; encrypted-media; gyroscope; picture-in-picture; web-share\" referrerpolicy=\"strict-origin-when-cross-origin\" allowfullscreen><\/iframe>\n<\/div><\/figure>\n<\/div>\n\n\n\n<h4 class=\"wp-block-heading has-base-2-color has-text-color has-link-color wp-elements-f988a29c64693135b73d5661090e48cc\"><strong><strong>As novas din\u00e2micas do Empreendedorismo<\/strong><\/strong><\/h4>\n\n\n\n<p>Jos\u00e9 Goncalves, diretor de Marketing de Empresas e Neg\u00f3cios do Novo Banco; Pedro Bonvalot &#8211; Franquiado da McDonald&#8217;s e Ant\u00f3nio Nabais de Carvalho, Coordenador do Haddad Entrepreneurship centre na Nova SBE debateram as v\u00e1rias val\u00eancias desta tem\u00e1tica com modera\u00e7\u00e3o de Nilza Rodrigues, diretora da Forbes Portugal e da Forbes \u00c1frica Lus\u00f3fona.<\/p>\n<\/div>\n<\/div>\n\n\n\n<div class=\"wp-block-columns is-layout-flex wp-container-core-columns-is-layout-d0b3c9c8 wp-block-columns-is-layout-flex\">\n<div class=\"wp-block-column is-vertically-aligned-stretch is-layout-flow wp-block-column-is-layout-flow\" style=\"border-style:none;border-width:0px;padding-top:0;padding-right:0;padding-bottom:0;padding-left:0\">\n<div class=\"wp-block-group has-border-color has-base-2-background-color has-background has-global-padding is-layout-constrained wp-container-core-group-is-layout-889ed5b7 wp-block-group-is-layout-constrained\" style=\"border-color:#A4A4A4;border-width:1px;border-radius:0px;padding-top:0;padding-right:0;padding-bottom:var(--wp--preset--spacing--20);padding-left:0\">\n<figure class=\"wp-block-image alignfull size-large has-custom-border\"><a href=\"https:\/\/www.forbespt.com\/so-com-estes-exemplos-inspiradores-conseguimos-cada-vez-mais-ter-mulheres-interessadas-em-abracar-esta-aventura-do-empreendedorismo\/\" target=\"_blank\" rel=\"noreferrer noopener\"><img loading=\"lazy\" decoding=\"async\" width=\"1024\" height=\"683\" src=\"https:\/\/innovatalks.medianove.com\/wp-content\/uploads\/2024\/12\/A-decisao-de-criar-1024x683.jpg\" alt=\"\" class=\"wp-image-551\" style=\"border-radius:0px\" srcset=\"https:\/\/innovatalks.medianove.com\/wp-content\/uploads\/2024\/12\/A-decisao-de-criar-1024x683.jpg 1024w, https:\/\/innovatalks.medianove.com\/wp-content\/uploads\/2024\/12\/A-decisao-de-criar-300x200.jpg 300w, https:\/\/innovatalks.medianove.com\/wp-content\/uploads\/2024\/12\/A-decisao-de-criar-768x512.jpg 768w, https:\/\/innovatalks.medianove.com\/wp-content\/uploads\/2024\/12\/A-decisao-de-criar-1536x1024.jpg 1536w, https:\/\/innovatalks.medianove.com\/wp-content\/uploads\/2024\/12\/A-decisao-de-criar.jpg 1600w\" sizes=\"auto, (max-width: 1024px) 100vw, 1024px\" \/><\/a><\/figure>\n\n\n\n<div class=\"wp-block-group alignwide has-global-padding is-layout-constrained wp-container-core-group-is-layout-7f19f049 wp-block-group-is-layout-constrained\" style=\"margin-top:10px;margin-bottom:10px;padding-right:var(--wp--preset--spacing--20);padding-left:var(--wp--preset--spacing--20)\">\n<p class=\"has-contrast-3-color has-text-color has-link-color has-small-font-size wp-elements-27028252fb79b78a09d06f8de4ec7a70\">9 de Julho de 2024<\/p>\n\n\n\n<h4 class=\"wp-block-heading\"><a href=\"https:\/\/www.forbespt.com\/so-com-estes-exemplos-inspiradores-conseguimos-cada-vez-mais-ter-mulheres-interessadas-em-abracar-esta-aventura-do-empreendedorismo\/\" target=\"_blank\" rel=\"noreferrer noopener\">\u201cS\u00f3 com estes exemplos inspiradores conseguimos cada vez mais ter mulheres interessadas em abra\u00e7ar esta aventura do empreendedorismo\u201d<\/a><\/h4>\n\n\n\n<p>Neste epis\u00f3dio Jos\u00e9 Goncalves, diretor de Marketing de Empresas e Neg\u00f3cios do Novo Banco, Ana Margarida Teixeira, franquiada do McDonald\u2019s e Ant\u00f3nio Nabais de Carvalho, Coordenador do Haddad Entrepreneurship Center na Nova SBE estiveram \u00e0 conversa com Nilza Rodrigues, diretora da Forbes Portugal, sobre empreendedorismo.<\/p>\n\n\n\n<p class=\"has-contrast-2-color has-text-color has-link-color wp-elements-ac02b08327d3b5e19dc6244dacc1e321\"><em><a href=\"https:\/\/www.forbespt.com\/so-com-estes-exemplos-inspiradores-conseguimos-cada-vez-mais-ter-mulheres-interessadas-em-abracar-esta-aventura-do-empreendedorismo\/\" target=\"_blank\" rel=\"noreferrer noopener\">Fonte: Forbes Portugal<\/a><\/em><\/p>\n\n\n\n<div class=\"wp-block-buttons is-layout-flex wp-block-buttons-is-layout-flex\">\n<div class=\"wp-block-button\"><a class=\"wp-block-button__link wp-element-button\" href=\"https:\/\/www.forbespt.com\/so-com-estes-exemplos-inspiradores-conseguimos-cada-vez-mais-ter-mulheres-interessadas-em-abracar-esta-aventura-do-empreendedorismo\/\" target=\"_blank\" rel=\"noreferrer noopener\">Ler mais <\/a><\/div>\n<\/div>\n<\/div>\n<\/div>\n<\/div>\n\n\n\n<div class=\"wp-block-column is-vertically-aligned-stretch has-base-2-color has-contrast-background-color has-text-color has-background has-link-color wp-elements-1f493ea01d11fe7e4c35ea515fe5165e is-layout-flow wp-block-column-is-layout-flow\" style=\"padding-top:var(--wp--preset--spacing--10);padding-right:var(--wp--preset--spacing--10);padding-bottom:var(--wp--preset--spacing--10);padding-left:var(--wp--preset--spacing--10)\">\n<h4 class=\"wp-block-heading has-base-2-color has-text-color has-link-color wp-elements-1db533c032c3ee5bb92062e79b4bcbd8\">Videocast<\/h4>\n\n\n\n<div class=\"wp-block-group has-border-color has-base-2-border-color is-layout-flow wp-block-group-is-layout-flow\">\n<figure class=\"wp-block-embed is-type-video is-provider-youtube wp-block-embed-youtube wp-embed-aspect-16-9 wp-has-aspect-ratio\"><div class=\"wp-block-embed__wrapper\">\n<iframe loading=\"lazy\" title=\"InNova Talks - Empreendedorismo\" width=\"500\" height=\"281\" src=\"https:\/\/www.youtube.com\/embed\/riH2nOSTQic?feature=oembed\" frameborder=\"0\" allow=\"accelerometer; autoplay; clipboard-write; encrypted-media; gyroscope; picture-in-picture; web-share\" referrerpolicy=\"strict-origin-when-cross-origin\" allowfullscreen><\/iframe>\n<\/div><\/figure>\n<\/div>\n\n\n\n<h4 class=\"wp-block-heading has-base-2-color has-text-color has-link-color wp-elements-ee683d78d1be56904f3f5e28d31e7f8e\"><strong><strong>Empreendedorismo<\/strong><\/strong><\/h4>\n\n\n\n<p>O crescente papel das mulheres no mundo empresarial foi o mote para esta conversa. Ant\u00f3nio Nabais de Carvalho sublinhou que, apesar de alguns incentivos por parte da Uni\u00e3o Europeia, a evolu\u00e7\u00e3o da presen\u00e7a de mulheres empreendedoras, que em Portugal j\u00e1 representam 40% dos empreendedores em est\u00e1gio inicial, tem sido feita de&nbsp;forma&nbsp;natural.<\/p>\n<\/div>\n<\/div>\n<\/section>\n\n\n\n<section class=\"wp-block-group alignwide section is-layout-flow wp-block-group-is-layout-flow\" id=\"lideranca\" style=\"margin-top:0px;margin-bottom:0px;padding-top:var(--wp--preset--spacing--20);padding-bottom:var(--wp--preset--spacing--20)\">\n<div style=\"height:25px\" aria-hidden=\"true\" class=\"wp-block-spacer\"><\/div>\n\n\n\n<div class=\"wp-block-group is-horizontal is-content-justification-left is-layout-flex wp-container-core-group-is-layout-a9dc0f66 wp-block-group-is-layout-flex\" style=\"margin-top:0px;margin-bottom:0px\">\n<figure class=\"wp-block-image size-full is-resized has-custom-border\"><img loading=\"lazy\" decoding=\"async\" width=\"1161\" height=\"161\" src=\"https:\/\/innovatalks.medianove.com\/wp-content\/uploads\/2024\/04\/innovatalks-logo-1.png\" alt=\"\" class=\"wp-image-255\" style=\"border-right-style:none;border-right-width:0px;width:177px;height:auto\" srcset=\"https:\/\/innovatalks.medianove.com\/wp-content\/uploads\/2024\/04\/innovatalks-logo-1.png 1161w, https:\/\/innovatalks.medianove.com\/wp-content\/uploads\/2024\/04\/innovatalks-logo-1-300x42.png 300w, https:\/\/innovatalks.medianove.com\/wp-content\/uploads\/2024\/04\/innovatalks-logo-1-1024x142.png 1024w, https:\/\/innovatalks.medianove.com\/wp-content\/uploads\/2024\/04\/innovatalks-logo-1-768x107.png 768w\" sizes=\"auto, (max-width: 1161px) 100vw, 1161px\" \/><\/figure>\n\n\n\n<div style=\"height:100px;width:10px\" aria-hidden=\"true\" class=\"wp-block-spacer wp-container-content-728072c3\"><\/div>\n\n\n\n<p class=\"has-text-color has-link-color has-large-font-size wp-elements-f448f46619c82fb4555b33863387f26d\" style=\"color:#2bb7ff\"><strong>|<\/strong><\/p>\n\n\n\n<div style=\"height:100px;width:10px\" aria-hidden=\"true\" class=\"wp-block-spacer wp-container-content-728072c3\"><\/div>\n\n\n\n<p class=\"has-tinos-font-family has-large-font-size\" style=\"margin-top:0px;margin-right:0px;margin-bottom:0px;margin-left:0px;padding-top:0px;padding-right:0px;padding-bottom:0px;padding-left:0px\"><strong>Lideran\u00e7a<\/strong><\/p>\n<\/div>\n\n\n\n<div class=\"wp-block-columns is-layout-flex wp-container-core-columns-is-layout-d0b3c9c8 wp-block-columns-is-layout-flex\">\n<div class=\"wp-block-column is-vertically-aligned-stretch is-layout-flow wp-block-column-is-layout-flow\" style=\"border-style:none;border-width:0px;padding-top:0;padding-right:0;padding-bottom:0;padding-left:0\">\n<div class=\"wp-block-group has-border-color has-base-2-background-color has-background has-global-padding is-layout-constrained wp-container-core-group-is-layout-889ed5b7 wp-block-group-is-layout-constrained\" style=\"border-color:#A4A4A4;border-width:1px;border-radius:0px;padding-top:0;padding-right:0;padding-bottom:var(--wp--preset--spacing--20);padding-left:0\">\n<figure class=\"wp-block-image alignfull size-large has-custom-border\"><a href=\"https:\/\/www.forbespt.com\/innova-talks-reforcar-a-lideranca-e-o-espirito-das-equipas\/\" target=\"_blank\" rel=\"noreferrer noopener\"><img decoding=\"async\" src=\"https:\/\/forbespt.fra1.digitaloceanspaces.com\/wp-content\/uploads\/2024\/06\/26094056\/Imagem-WhatsApp-2024-06-26-as-09.38.21_96c94f9d_750x540_acf_cropped.jpg\" alt=\"\" style=\"border-radius:0px\"\/><\/a><\/figure>\n\n\n\n<div class=\"wp-block-group alignwide has-global-padding is-layout-constrained wp-container-core-group-is-layout-7f19f049 wp-block-group-is-layout-constrained\" style=\"margin-top:10px;margin-bottom:10px;padding-right:var(--wp--preset--spacing--20);padding-left:var(--wp--preset--spacing--20)\">\n<p class=\"has-contrast-3-color has-text-color has-link-color has-small-font-size wp-elements-402b63f70648355d29b63a688d2877c1\">26 de junho de 2024<\/p>\n\n\n\n<h4 class=\"wp-block-heading\"><a href=\"https:\/\/www.forbespt.com\/innova-talks-reforcar-a-lideranca-e-o-espirito-das-equipas\/\" target=\"_blank\" rel=\"noreferrer noopener\">Refor\u00e7ar a lideran\u00e7a e o esp\u00edrito das equipas<\/a><\/h4>\n\n\n\n<p>No novo epis\u00f3dio das InNova Talks, a conversa sobre lideran\u00e7a juntou Miguel Pina e Cunha (Nova SBE), Louren\u00e7o Cumbre (Michael Page), Catarina Horta (Novo Banco) e Etienne Huret (Natixis Portugal).<\/p>\n\n\n\n<p class=\"has-contrast-2-color has-text-color has-link-color wp-elements-9b4c8e25d54c605eae6a3d1d7c2e2832\"><em><a href=\"https:\/\/www.forbespt.com\/innova-talks-reforcar-a-lideranca-e-o-espirito-das-equipas\" target=\"_blank\" rel=\"noreferrer noopener\">Fonte: Forbes Portugal<\/a><\/em><\/p>\n\n\n\n<div class=\"wp-block-buttons is-layout-flex wp-block-buttons-is-layout-flex\">\n<div class=\"wp-block-button\"><a class=\"wp-block-button__link wp-element-button\" href=\"https:\/\/www.forbespt.com\/innova-talks-reforcar-a-lideranca-e-o-espirito-das-equipas\/\" target=\"_blank\" rel=\"noreferrer noopener\">Ler mais <\/a><\/div>\n<\/div>\n<\/div>\n<\/div>\n<\/div>\n\n\n\n<div class=\"wp-block-column is-vertically-aligned-stretch has-base-2-color has-contrast-background-color has-text-color has-background has-link-color wp-elements-98fbcd443c2431f37c6d12ef6759077e is-layout-flow wp-block-column-is-layout-flow\" style=\"padding-top:var(--wp--preset--spacing--10);padding-right:var(--wp--preset--spacing--10);padding-bottom:var(--wp--preset--spacing--10);padding-left:var(--wp--preset--spacing--10)\">\n<div style=\"height:10px\" aria-hidden=\"true\" class=\"wp-block-spacer\"><\/div>\n\n\n\n<h4 class=\"wp-block-heading has-base-2-color has-text-color has-link-color wp-elements-1db533c032c3ee5bb92062e79b4bcbd8\">Videocast<\/h4>\n\n\n\n<div class=\"wp-block-group has-border-color has-base-2-border-color is-layout-flow wp-block-group-is-layout-flow\">\n<figure class=\"wp-block-embed is-type-video is-provider-youtube wp-block-embed-youtube wp-embed-aspect-16-9 wp-has-aspect-ratio\"><div class=\"wp-block-embed__wrapper\">\n<iframe loading=\"lazy\" title=\"InNova Talks: Lideranc\u0327a\" width=\"500\" height=\"281\" src=\"https:\/\/www.youtube.com\/embed\/BEyUF6FDqw0?feature=oembed\" frameborder=\"0\" allow=\"accelerometer; autoplay; clipboard-write; encrypted-media; gyroscope; picture-in-picture; web-share\" referrerpolicy=\"strict-origin-when-cross-origin\" allowfullscreen><\/iframe>\n<\/div><\/figure>\n<\/div>\n\n\n\n<h4 class=\"wp-block-heading has-base-2-color has-text-color has-link-color wp-elements-0a11cf911b2727d81bc6165bad91c49f\"><strong><strong>InNova Talks: Lideranc\u0327a<\/strong><\/strong><\/h4>\n\n\n\n<p>No novo epis\u00f3dio do projeto conjunto entre o grupo Media N9ve e a Nova SBE, Nilza Rodrigues diretora da Forbes Portugal dirige uma conversa sobre lideran\u00e7a com Miguel Pina e Cunha (Professor Catedr\u00e1tico de Gest\u00e3o e Organiza\u00e7\u00f5es da Nova SBE), Louren\u00e7o Cumbre (Diretor da Michael Page Banking, Insurance, Finance, Human Resources &amp; Michael Page Consulting), Catarina Horta (Diretora de Capital Humano do Novo Banco) e Etienne Huret (CEO da Natixis Portugal).<\/p>\n<\/div>\n<\/div>\n\n\n\n<div class=\"wp-block-columns is-layout-flex wp-container-core-columns-is-layout-d0b3c9c8 wp-block-columns-is-layout-flex\">\n<div class=\"wp-block-column is-vertically-aligned-stretch is-layout-flow wp-block-column-is-layout-flow\" style=\"border-style:none;border-width:0px;padding-top:0;padding-right:0;padding-bottom:0;padding-left:0\">\n<div class=\"wp-block-group has-border-color has-base-2-background-color has-background has-global-padding is-layout-constrained wp-container-core-group-is-layout-889ed5b7 wp-block-group-is-layout-constrained\" style=\"border-color:#A4A4A4;border-width:1px;border-radius:0px;padding-top:0;padding-right:0;padding-bottom:var(--wp--preset--spacing--20);padding-left:0\">\n<figure class=\"wp-block-image alignfull size-large has-custom-border\"><a href=\"https:\/\/www.forbespt.com\/descubra-o-que-faz-um-bom-lider\/\" target=\"_blank\" rel=\"noreferrer noopener\"><img loading=\"lazy\" decoding=\"async\" width=\"1024\" height=\"683\" src=\"https:\/\/innovatalks.medianove.com\/wp-content\/uploads\/2024\/12\/um-bom-lider-1024x683.jpg\" alt=\"\" class=\"wp-image-552\" style=\"border-radius:0px\" srcset=\"https:\/\/innovatalks.medianove.com\/wp-content\/uploads\/2024\/12\/um-bom-lider-1024x683.jpg 1024w, https:\/\/innovatalks.medianove.com\/wp-content\/uploads\/2024\/12\/um-bom-lider-300x200.jpg 300w, https:\/\/innovatalks.medianove.com\/wp-content\/uploads\/2024\/12\/um-bom-lider-768x512.jpg 768w, https:\/\/innovatalks.medianove.com\/wp-content\/uploads\/2024\/12\/um-bom-lider-1536x1024.jpg 1536w, https:\/\/innovatalks.medianove.com\/wp-content\/uploads\/2024\/12\/um-bom-lider.jpg 1600w\" sizes=\"auto, (max-width: 1024px) 100vw, 1024px\" \/><\/a><\/figure>\n\n\n\n<div class=\"wp-block-group alignwide has-global-padding is-layout-constrained wp-container-core-group-is-layout-7f19f049 wp-block-group-is-layout-constrained\" style=\"margin-top:10px;margin-bottom:10px;padding-right:var(--wp--preset--spacing--20);padding-left:var(--wp--preset--spacing--20)\">\n<p class=\"has-contrast-3-color has-text-color has-link-color has-small-font-size wp-elements-c838abdb57a7bcb81af74f6912c1250d\">18 de Julho de 2024<\/p>\n\n\n\n<h4 class=\"wp-block-heading\"><a href=\"https:\/\/www.forbespt.com\/descubra-o-que-faz-um-bom-lider\/\" target=\"_blank\" rel=\"noreferrer noopener\">\u201cDescubra o que faz um bom l\u00edder\u201d<\/a><\/h4>\n\n\n\n<p>Um bom l\u00edder nasce ou faz-se? Liderar \u00e9 algo de inato ou \u00e9 poss\u00edvel aprender? Foi este o mote que Nilza Rodrigues, diretora da Forbes Portugal, lan\u00e7ou para uma conversa com Miguel Pina e Cunha, Professor Catedr\u00e1tico Gestao e Organizacoes da NOVA SBE, Catarina Horta, Diretora de Capital Humano do Novo Banco e \u00c1lvaro Fernandez, Managing Director Page Group Portugal.<\/p>\n\n\n\n<p class=\"has-contrast-2-color has-text-color has-link-color wp-elements-285af9a7ec1c7cc11cf9de98f2d29fc3\"><em><a href=\"https:\/\/www.forbespt.com\/descubra-o-que-faz-um-bom-lider\/\" target=\"_blank\" rel=\"noreferrer noopener\">Fonte: Forbes Portugal<\/a><\/em><\/p>\n\n\n\n<div class=\"wp-block-buttons is-layout-flex wp-block-buttons-is-layout-flex\">\n<div class=\"wp-block-button\"><a class=\"wp-block-button__link wp-element-button\" href=\"https:\/\/www.forbespt.com\/descubra-o-que-faz-um-bom-lider\/\" target=\"_blank\" rel=\"noreferrer noopener\">Ler mais <\/a><\/div>\n<\/div>\n<\/div>\n<\/div>\n<\/div>\n\n\n\n<div class=\"wp-block-column is-vertically-aligned-stretch has-base-2-color has-contrast-background-color has-text-color has-background has-link-color wp-elements-ff67f21d616c495212d656f8dc264bba is-layout-flow wp-block-column-is-layout-flow\" style=\"padding-top:var(--wp--preset--spacing--10);padding-right:var(--wp--preset--spacing--10);padding-bottom:var(--wp--preset--spacing--10);padding-left:var(--wp--preset--spacing--10)\">\n<h4 class=\"wp-block-heading has-base-2-color has-text-color has-link-color wp-elements-1db533c032c3ee5bb92062e79b4bcbd8\">Videocast<\/h4>\n\n\n\n<div class=\"wp-block-group has-border-color has-base-2-border-color is-layout-flow wp-block-group-is-layout-flow\">\n<figure class=\"wp-block-embed is-type-video is-provider-youtube wp-block-embed-youtube wp-embed-aspect-16-9 wp-has-aspect-ratio\"><div class=\"wp-block-embed__wrapper\">\n<iframe loading=\"lazy\" title=\"InNova Talks - Um bom l\u00edder nasce ou faz-se? Liderar \u00e9 algo de inato ou \u00e9 poss\u00edvel aprender?\" width=\"500\" height=\"281\" src=\"https:\/\/www.youtube.com\/embed\/EcxxXuWukX8?feature=oembed\" frameborder=\"0\" allow=\"accelerometer; autoplay; clipboard-write; encrypted-media; gyroscope; picture-in-picture; web-share\" referrerpolicy=\"strict-origin-when-cross-origin\" allowfullscreen><\/iframe>\n<\/div><\/figure>\n<\/div>\n\n\n\n<h4 class=\"wp-block-heading has-base-2-color has-text-color has-link-color wp-elements-40279dcd64e2f609979dace7d40119d4\"><strong>Um bom l\u00edder nasce ou faz-se? Liderar \u00e9 algo de inato ou \u00e9 poss\u00edvel aprender?<\/strong><\/h4>\n\n\n\n<p>Foi este o mote que Nilza Rodrigues, diretora da Forbes Portugal, lan\u00e7ou para uma conversa com Miguel Pina e Cunha, Professor Catedr\u00e1tico Gestao e Organizacoes da NOVA SBE, Catarina Horta, Diretora de Capital Humano do Novo Banco e \u00c1lvaro Fernandez, Managing Director Page Group Portugal.<\/p>\n<\/div>\n<\/div>\n<\/section>\n\n\n\n<section class=\"wp-block-group alignfull section has-base-2-background-color has-background has-global-padding is-layout-constrained wp-container-core-group-is-layout-c6acb3d7 wp-block-group-is-layout-constrained\" id=\"especialistas\" style=\"margin-top:0px;margin-bottom:0px;padding-top:var(--wp--preset--spacing--40);padding-bottom:0\">\n<div class=\"wp-block-group is-horizontal is-content-justification-left is-layout-flex wp-container-core-group-is-layout-a9dc0f66 wp-block-group-is-layout-flex\" style=\"margin-top:0px;margin-bottom:0px\">\n<figure class=\"wp-block-image size-full is-resized has-custom-border\"><img loading=\"lazy\" decoding=\"async\" width=\"1161\" height=\"161\" src=\"https:\/\/innovatalks.medianove.com\/wp-content\/uploads\/2024\/04\/innovatalks-logo-1.png\" alt=\"\" class=\"wp-image-255\" style=\"border-right-style:none;border-right-width:0px;width:177px;height:auto\" srcset=\"https:\/\/innovatalks.medianove.com\/wp-content\/uploads\/2024\/04\/innovatalks-logo-1.png 1161w, https:\/\/innovatalks.medianove.com\/wp-content\/uploads\/2024\/04\/innovatalks-logo-1-300x42.png 300w, https:\/\/innovatalks.medianove.com\/wp-content\/uploads\/2024\/04\/innovatalks-logo-1-1024x142.png 1024w, https:\/\/innovatalks.medianove.com\/wp-content\/uploads\/2024\/04\/innovatalks-logo-1-768x107.png 768w\" sizes=\"auto, (max-width: 1161px) 100vw, 1161px\" \/><\/figure>\n\n\n\n<div style=\"height:100px;width:10px\" aria-hidden=\"true\" class=\"wp-block-spacer wp-container-content-728072c3\"><\/div>\n\n\n\n<p class=\"has-text-color has-link-color has-large-font-size wp-elements-f448f46619c82fb4555b33863387f26d\" style=\"color:#2bb7ff\"><strong>|<\/strong><\/p>\n\n\n\n<div style=\"height:100px;width:10px\" aria-hidden=\"true\" class=\"wp-block-spacer wp-container-content-728072c3\"><\/div>\n\n\n\n<p class=\"has-tinos-font-family has-large-font-size\" style=\"margin-top:0px;margin-right:0px;margin-bottom:0px;margin-left:0px;padding-top:0px;padding-right:0px;padding-bottom:0px;padding-left:0px\"><strong>Conhe\u00e7a os Especialistas<\/strong><\/p>\n<\/div>\n\n\n\n<div class=\"wp-block-group is-layout-flow wp-block-group-is-layout-flow\"><div class=\"wp-block-cakewp-block-slider alignfull block-slider blockslider-has-styles blockslider-opacity-100 blockslider-slides-opacity-100 blockslider-post-400 blockslider-uid-571678\"><div class=\"blockslider-slider-wrapper\" data-noofslides=\"1\" data-spacebetween=\"10\" data-speed=\"400\" data-navigation=\"true\" data-pagination=\"true\" data-autoplay=\"false\" data-delay=\"3000\" data-autoplayonhover=\"true\" data-loop=\"false\" data-keyboardnavigation=\"false\" data-effect=\"slide\" data-autoheight=\"false\" data-allowtouchmove=\"false\"><div class=\"blockslider-wrapper\">\n<div class=\"wp-block-cakewp-block-slide blockslider-slide blockslider-has-styles blockslider-vertically-aligned-center blockslider-uid-dc81d7\"><div class=\"blockslider-slide-inner-wrapper blockslider__inner-container\">\n<div class=\"wp-block-columns is-layout-flex wp-container-core-columns-is-layout-080d4210 wp-block-columns-is-layout-flex\" style=\"margin-top:0px;margin-bottom:0px\">\n<div class=\"wp-block-column has-border-color has-contrast-border-color has-base-2-background-color has-background is-layout-flow wp-block-column-is-layout-flow\" style=\"border-width:2px\">\n<div class=\"wp-block-group has-global-padding is-layout-constrained wp-container-core-group-is-layout-6f90b940 wp-block-group-is-layout-constrained\" style=\"border-style:none;border-width:0px;border-radius:0px;min-height:300px;padding-top:var(--wp--preset--spacing--20);padding-right:var(--wp--preset--spacing--40);padding-bottom:var(--wp--preset--spacing--20);padding-left:var(--wp--preset--spacing--40)\">\n<div class=\"wp-block-columns is-layout-flex wp-container-core-columns-is-layout-d0b3c9c8 wp-block-columns-is-layout-flex\">\n<div class=\"wp-block-column is-vertically-aligned-center is-layout-flow wp-block-column-is-layout-flow\" style=\"--col-width:30%;flex-basis:30%\">\n<figure class=\"wp-block-image size-full is-resized has-custom-border\"><img loading=\"lazy\" decoding=\"async\" width=\"400\" height=\"400\" src=\"https:\/\/innovatalks.medianove.com\/wp-content\/uploads\/2024\/06\/pedro-pita-barros.jpg\" alt=\"\" class=\"wp-image-386\" style=\"border-radius:100px;aspect-ratio:1;object-fit:cover;width:100px\" srcset=\"https:\/\/innovatalks.medianove.com\/wp-content\/uploads\/2024\/06\/pedro-pita-barros.jpg 400w, https:\/\/innovatalks.medianove.com\/wp-content\/uploads\/2024\/06\/pedro-pita-barros-300x300.jpg 300w, https:\/\/innovatalks.medianove.com\/wp-content\/uploads\/2024\/06\/pedro-pita-barros-150x150.jpg 150w\" sizes=\"auto, (max-width: 400px) 100vw, 400px\" \/><\/figure><\/div>\n\n\n\n<div class=\"wp-block-column is-vertically-aligned-center is-layout-flow wp-block-column-is-layout-flow\" style=\"--col-width:70%;flex-basis:70%\">\n<h4 class=\"wp-block-heading\"><strong><strong>Pedro Pita Barros<\/strong><\/strong><\/h4>\n\n\n\n<hr class=\"wp-block-separator has-text-color has-contrast-3-color has-alpha-channel-opacity has-contrast-3-background-color has-background is-style-wide\" style=\"margin-top:5px;margin-bottom:5px\"><p style=\"margin-top:0px;margin-bottom:0px;font-size:0.7rem\"><em>Professor de Economia na Nova SBE<\/em><\/p>\n<\/div>\n<\/div>\n\n\n\n<p>Det\u00e9m a c\u00e1tedra BPI | Funda\u00e7\u00e3o \u201cla Caixa\u201d em Economia da Sa\u00fade.<\/p>\n\n\n\n<p><a href=\"https:\/\/www.novasbe.unl.pt\/en\/faculty-research\/faculty\/faculty-detail\/id\/13\/pedro-pita-barros\" target=\"_blank\" rel=\"noreferrer noopener\">Biografia \u2192<\/a><\/p>\n<\/div>\n<\/div>\n\n\n\n<div class=\"wp-block-column has-border-color has-contrast-border-color has-base-2-background-color has-background is-layout-flow wp-block-column-is-layout-flow\" style=\"border-width:2px\">\n<div class=\"wp-block-group has-global-padding is-layout-constrained wp-container-core-group-is-layout-6f90b940 wp-block-group-is-layout-constrained\" style=\"border-style:none;border-width:0px;border-radius:0px;min-height:300px;padding-top:var(--wp--preset--spacing--20);padding-right:var(--wp--preset--spacing--40);padding-bottom:var(--wp--preset--spacing--20);padding-left:var(--wp--preset--spacing--40)\">\n<div class=\"wp-block-columns is-layout-flex wp-container-core-columns-is-layout-d0b3c9c8 wp-block-columns-is-layout-flex\">\n<div class=\"wp-block-column is-vertically-aligned-center is-layout-flow wp-block-column-is-layout-flow\" style=\"--col-width:30%;flex-basis:30%\">\n<figure class=\"wp-block-image size-full is-resized has-custom-border\"><img loading=\"lazy\" decoding=\"async\" width=\"400\" height=\"400\" src=\"https:\/\/innovatalks.medianove.com\/wp-content\/uploads\/2024\/06\/antonio-carvaljo.jpg\" alt=\"\" class=\"wp-image-388\" style=\"border-radius:100px;aspect-ratio:1;object-fit:cover;width:100px\" srcset=\"https:\/\/innovatalks.medianove.com\/wp-content\/uploads\/2024\/06\/antonio-carvaljo.jpg 400w, https:\/\/innovatalks.medianove.com\/wp-content\/uploads\/2024\/06\/antonio-carvaljo-300x300.jpg 300w, https:\/\/innovatalks.medianove.com\/wp-content\/uploads\/2024\/06\/antonio-carvaljo-150x150.jpg 150w\" sizes=\"auto, (max-width: 400px) 100vw, 400px\" \/><\/figure><\/div>\n\n\n\n<div class=\"wp-block-column is-vertically-aligned-center is-layout-flow wp-block-column-is-layout-flow\" style=\"--col-width:70%;flex-basis:70%\">\n<h4 class=\"wp-block-heading\"><strong><strong><strong>Ant\u00f3nio Nabais Carvalho<\/strong><\/strong><\/strong><\/h4>\n\n\n\n<hr class=\"wp-block-separator has-text-color has-contrast-3-color has-alpha-channel-opacity has-contrast-3-background-color has-background is-style-wide\" style=\"margin-top:5px;margin-bottom:5px\"><p style=\"margin-top:0px;margin-bottom:0px;font-size:0.7rem\">Coordenador do Haddad entrepreneurship na Nova SBE<\/p>\n<\/div>\n<\/div>\n\n\n\n<p>He has gained valuable experience in investment banking through roles at Millennium BCP Investment Banking and Banco Finantia.<\/p>\n\n\n\n<p><a href=\"#\" target=\"_blank\" rel=\"noreferrer noopener\">Biografia \u2192<\/a><\/p>\n<\/div>\n<\/div>\n<\/div>\n<\/div><\/div>\n\n\n\n<div class=\"wp-block-cakewp-block-slide blockslider-slide blockslider-has-styles blockslider-vertically-aligned-center blockslider-uid-dc81d7\"><div class=\"blockslider-slide-inner-wrapper blockslider__inner-container\">\n<div class=\"wp-block-columns is-layout-flex wp-container-core-columns-is-layout-080d4210 wp-block-columns-is-layout-flex\" style=\"margin-top:0px;margin-bottom:0px\">\n<div class=\"wp-block-column has-border-color has-contrast-border-color has-base-2-background-color has-background is-layout-flow wp-block-column-is-layout-flow\" style=\"border-width:2px\">\n<div class=\"wp-block-group has-global-padding is-layout-constrained wp-container-core-group-is-layout-6f90b940 wp-block-group-is-layout-constrained\" style=\"border-style:none;border-width:0px;border-radius:0px;min-height:300px;padding-top:var(--wp--preset--spacing--20);padding-right:var(--wp--preset--spacing--40);padding-bottom:var(--wp--preset--spacing--20);padding-left:var(--wp--preset--spacing--40)\">\n<div class=\"wp-block-columns is-layout-flex wp-container-core-columns-is-layout-d0b3c9c8 wp-block-columns-is-layout-flex\">\n<div class=\"wp-block-column is-vertically-aligned-center is-layout-flow wp-block-column-is-layout-flow\" style=\"--col-width:30%;flex-basis:30%\">\n<figure class=\"wp-block-image size-full is-resized has-custom-border\"><img loading=\"lazy\" decoding=\"async\" width=\"400\" height=\"400\" src=\"https:\/\/innovatalks.medianove.com\/wp-content\/uploads\/2024\/06\/miguel-pina-cunha.jpg\" alt=\"\" class=\"wp-image-387\" style=\"border-radius:100px;aspect-ratio:1;object-fit:cover;width:100px\" srcset=\"https:\/\/innovatalks.medianove.com\/wp-content\/uploads\/2024\/06\/miguel-pina-cunha.jpg 400w, https:\/\/innovatalks.medianove.com\/wp-content\/uploads\/2024\/06\/miguel-pina-cunha-300x300.jpg 300w, https:\/\/innovatalks.medianove.com\/wp-content\/uploads\/2024\/06\/miguel-pina-cunha-150x150.jpg 150w\" sizes=\"auto, (max-width: 400px) 100vw, 400px\" \/><\/figure><\/div>\n\n\n\n<div class=\"wp-block-column is-vertically-aligned-center is-layout-flow wp-block-column-is-layout-flow\" style=\"--col-width:70%;flex-basis:70%\">\n<h4 class=\"wp-block-heading\"><strong><strong>Miguel Pina e Cunha<\/strong><\/strong><\/h4>\n\n\n\n<hr class=\"wp-block-separator has-text-color has-contrast-3-color has-alpha-channel-opacity has-contrast-3-background-color has-background is-style-wide\" style=\"margin-top:5px;margin-bottom:5px\"><p style=\"margin-top:0px;margin-bottom:0px;font-size:0.7rem\">Professor Catedr\u00e1tico da Universidade Nova SBE. Gest\u00e3o e Organiza\u00e7\u00f5es.<\/p>\n<\/div>\n<\/div>\n\n\n\n<p>Professor de teoria da organiza\u00e7\u00e3o e comportamento organizacional e Vice-Diretor para a Inova\u00e7\u00e3o e Impacto na Nova Escola de Neg\u00f3cios e Economia, Universidade Nova de Lisboa.<\/p>\n\n\n\n<p><a href=\"https:\/\/www.novasbe.unl.pt\/pt\/docentes-e-investigacao\/docentes\/perfil-detalhe\/id\/17\/miguel-pina-e-cunha\" target=\"_blank\" rel=\"noreferrer noopener\">Biografia \u2192<\/a><\/p>\n<\/div>\n<\/div>\n\n\n\n<div class=\"wp-block-column has-border-color has-contrast-border-color has-base-2-background-color has-background is-layout-flow wp-block-column-is-layout-flow\" style=\"border-width:2px\">\n<div class=\"wp-block-group has-global-padding is-layout-constrained wp-container-core-group-is-layout-6f90b940 wp-block-group-is-layout-constrained\" style=\"border-style:none;border-width:0px;border-radius:0px;min-height:300px;padding-top:var(--wp--preset--spacing--20);padding-right:var(--wp--preset--spacing--40);padding-bottom:var(--wp--preset--spacing--20);padding-left:var(--wp--preset--spacing--40)\">\n<div class=\"wp-block-columns is-layout-flex wp-container-core-columns-is-layout-d0b3c9c8 wp-block-columns-is-layout-flex\">\n<div class=\"wp-block-column is-vertically-aligned-center is-layout-flow wp-block-column-is-layout-flow\" style=\"--col-width:30%;flex-basis:30%\">\n<figure class=\"wp-block-image size-full is-resized has-custom-border\"><img loading=\"lazy\" decoding=\"async\" width=\"400\" height=\"400\" src=\"https:\/\/innovatalks.medianove.com\/wp-content\/uploads\/2024\/06\/antonio-nogueira-leite.jpg\" alt=\"\" class=\"wp-image-401\" style=\"border-radius:100px;aspect-ratio:1;object-fit:cover;width:100px\" srcset=\"https:\/\/innovatalks.medianove.com\/wp-content\/uploads\/2024\/06\/antonio-nogueira-leite.jpg 400w, https:\/\/innovatalks.medianove.com\/wp-content\/uploads\/2024\/06\/antonio-nogueira-leite-300x300.jpg 300w, https:\/\/innovatalks.medianove.com\/wp-content\/uploads\/2024\/06\/antonio-nogueira-leite-150x150.jpg 150w\" sizes=\"auto, (max-width: 400px) 100vw, 400px\" \/><\/figure><\/div>\n\n\n\n<div class=\"wp-block-column is-vertically-aligned-center is-layout-flow wp-block-column-is-layout-flow\" style=\"--col-width:70%;flex-basis:70%\">\n<h4 class=\"wp-block-heading\"><strong><strong><strong><strong>Ant\u00f3nio Nogueira Leite<\/strong><\/strong><\/strong><\/strong><\/h4>\n\n\n\n<hr class=\"wp-block-separator has-text-color has-contrast-3-color has-alpha-channel-opacity has-contrast-3-background-color has-background is-style-wide\" style=\"margin-top:5px;margin-bottom:5px\"><p style=\"margin-top:0px;margin-bottom:0px;font-size:0.7rem\">Professor Catedr\u00e1tico da Universidade Nova SBE. Estrat\u00e9gia e Empreendedorismo.<\/p>\n<\/div>\n<\/div>\n\n\n\n<p>\u00c9 actualmente membro do conselho de administra\u00e7\u00e3o da HipoGes;SL um Gestor de Activos Ib\u00e9rico especializado em bens em perigo; NPLs e REOs. Anteriormente Ant\u00f3nio foi Presidente da Bolsa de Valores de Lisboa.<\/p>\n\n\n\n<p><a href=\"https:\/\/www.novasbe.unl.pt\/pt\/docentes-e-investigacao\/docentes\/perfil-detalhe\/id\/1\/antonio-nogueira-leite\" target=\"_blank\" rel=\"noreferrer noopener\">Biografia \u2192<\/a><\/p>\n<\/div>\n<\/div>\n<\/div>\n<\/div><\/div>\n<\/div><\/div><div class=\"blockslider-navigation-wrapper blockslider-justify-space-between blockslider-vertical-center\"><button class=\"blockslider-prev-btn\"><svg xmlns=\"http:\/\/www.w3.org\/2000\/svg\" width=\"24\" height=\"24\" viewbox=\"0 0 20 20\" fill=\"none\" aria-hidden=\"true\"><path d=\"M14 5L9 10L14 15L13 17L6 10L13 3L14 5Z\" fill=\"black\"><\/path><\/svg><\/button><button class=\"blockslider-next-btn\"><svg xmlns=\"http:\/\/www.w3.org\/2000\/svg\" width=\"24\" height=\"24\" viewbox=\"0 0 20 20\" fill=\"none\" aria-hidden=\"true\"><path d=\"M6 15L11 10L6 5L7 3L14 10L7 17L6 15Z\" fill=\"black\"><\/path><\/svg><\/button><\/div><div class=\"blockslider-pagination-wrapper blockslider-justify-center blockslider-vertical-bottom\"><div class=\"blockslider-pagination-main blockslider-pagination blockslider-orientation-horizontal blockslider-pagination-circle\"><\/div><\/div><\/div>\n<\/div>\n\n\n\n<div class=\"wp-block-columns tw-lg-hidden tw-md-hidden tw-sm-hidden is-layout-flex wp-container-core-columns-is-layout-080d4210 wp-block-columns-is-layout-flex\" style=\"margin-top:0px;margin-bottom:0px\">\n<div class=\"wp-block-column is-layout-flow wp-block-column-is-layout-flow\">\n<div class=\"wp-block-group has-border-color has-global-padding is-layout-constrained wp-container-core-group-is-layout-c385debf wp-block-group-is-layout-constrained\" style=\"border-color:#111111;border-width:1px;border-radius:10px;min-height:300px;padding-top:var(--wp--preset--spacing--20);padding-right:var(--wp--preset--spacing--20);padding-bottom:var(--wp--preset--spacing--20);padding-left:var(--wp--preset--spacing--20)\">\n<div class=\"wp-block-columns is-layout-flex wp-container-core-columns-is-layout-d0b3c9c8 wp-block-columns-is-layout-flex\">\n<div class=\"wp-block-column is-vertically-aligned-center is-layout-flow wp-block-column-is-layout-flow\" style=\"--col-width:30%;flex-basis:30%\">\n<figure class=\"wp-block-image size-full is-resized has-custom-border\"><img loading=\"lazy\" decoding=\"async\" width=\"400\" height=\"400\" src=\"https:\/\/innovatalks.medianove.com\/wp-content\/uploads\/2024\/06\/pedro-pita-barros.jpg\" alt=\"\" class=\"wp-image-386\" style=\"border-radius:100px;aspect-ratio:1;object-fit:cover;width:100px\" srcset=\"https:\/\/innovatalks.medianove.com\/wp-content\/uploads\/2024\/06\/pedro-pita-barros.jpg 400w, https:\/\/innovatalks.medianove.com\/wp-content\/uploads\/2024\/06\/pedro-pita-barros-300x300.jpg 300w, https:\/\/innovatalks.medianove.com\/wp-content\/uploads\/2024\/06\/pedro-pita-barros-150x150.jpg 150w\" sizes=\"auto, (max-width: 400px) 100vw, 400px\" \/><\/figure>\n<\/div>\n\n\n\n<div class=\"wp-block-column is-vertically-aligned-center is-layout-flow wp-block-column-is-layout-flow\" style=\"--col-width:70%;flex-basis:70%\">\n<h4 class=\"wp-block-heading\"><strong><strong>Pedro Pita Barros<\/strong><\/strong><\/h4>\n\n\n\n<hr class=\"wp-block-separator has-text-color has-contrast-3-color has-alpha-channel-opacity has-contrast-3-background-color has-background is-style-wide\" style=\"margin-top:5px;margin-bottom:5px\"\/>\n\n\n\n<p style=\"margin-top:0px;margin-bottom:0px;font-size:0.7rem\"><em>Professor de Economia na Nova SBE<\/em><\/p>\n<\/div>\n<\/div>\n\n\n\n<p>Det\u00e9m a c\u00e1tedra BPI | Funda\u00e7\u00e3o \u201cla Caixa\u201d em Economia da Sa\u00fade.<\/p>\n<\/div>\n<\/div>\n\n\n\n<div class=\"wp-block-column is-layout-flow wp-block-column-is-layout-flow\">\n<div class=\"wp-block-group has-border-color has-global-padding is-layout-constrained wp-container-core-group-is-layout-c385debf wp-block-group-is-layout-constrained\" style=\"border-color:#111111;border-width:1px;border-radius:10px;min-height:300px;padding-top:var(--wp--preset--spacing--20);padding-right:var(--wp--preset--spacing--20);padding-bottom:var(--wp--preset--spacing--20);padding-left:var(--wp--preset--spacing--20)\">\n<div class=\"wp-block-columns is-layout-flex wp-container-core-columns-is-layout-d0b3c9c8 wp-block-columns-is-layout-flex\">\n<div class=\"wp-block-column is-vertically-aligned-center is-layout-flow wp-block-column-is-layout-flow\" style=\"--col-width:30%;flex-basis:30%\">\n<figure class=\"wp-block-image size-full is-resized has-custom-border\"><img loading=\"lazy\" decoding=\"async\" width=\"400\" height=\"400\" src=\"https:\/\/innovatalks.medianove.com\/wp-content\/uploads\/2024\/06\/miguel-pina-cunha.jpg\" alt=\"\" class=\"wp-image-387\" style=\"border-radius:100px;aspect-ratio:1;object-fit:cover;width:100px\" srcset=\"https:\/\/innovatalks.medianove.com\/wp-content\/uploads\/2024\/06\/miguel-pina-cunha.jpg 400w, https:\/\/innovatalks.medianove.com\/wp-content\/uploads\/2024\/06\/miguel-pina-cunha-300x300.jpg 300w, https:\/\/innovatalks.medianove.com\/wp-content\/uploads\/2024\/06\/miguel-pina-cunha-150x150.jpg 150w\" sizes=\"auto, (max-width: 400px) 100vw, 400px\" \/><\/figure>\n<\/div>\n\n\n\n<div class=\"wp-block-column is-vertically-aligned-center is-layout-flow wp-block-column-is-layout-flow\" style=\"--col-width:70%;flex-basis:70%\">\n<h4 class=\"wp-block-heading\"><strong><strong>Miguel Pina e Cunha<\/strong><\/strong><\/h4>\n\n\n\n<hr class=\"wp-block-separator has-text-color has-contrast-3-color has-alpha-channel-opacity has-contrast-3-background-color has-background is-style-wide\" style=\"margin-top:5px;margin-bottom:5px\"\/>\n\n\n\n<p style=\"margin-top:0px;margin-bottom:0px;font-size:0.7rem\">Professor de teoria da organiza\u00e7\u00e3o e comportamento organizacional e Vice-Diretor para a Inova\u00e7\u00e3o e Impacto na Nova Escola de Neg\u00f3cios e Economia, Universidade Nova de Lisboa<\/p>\n<\/div>\n<\/div>\n\n\n\n<p>A sua investiga\u00e7\u00e3o trata, sobretudo, do surpreendente (paradoxo, improvisa\u00e7\u00e3o, acaso, zemblanidade, c\u00edrculos viciosos) e do extremo (organiza\u00e7\u00e3o positiva, genoc\u00eddio)<\/p>\n<\/div>\n<\/div>\n\n\n\n<div class=\"wp-block-column is-layout-flow wp-block-column-is-layout-flow\">\n<div class=\"wp-block-group has-border-color has-global-padding is-layout-constrained wp-container-core-group-is-layout-c385debf wp-block-group-is-layout-constrained\" style=\"border-color:#111111;border-width:1px;border-radius:10px;min-height:300px;padding-top:var(--wp--preset--spacing--20);padding-right:var(--wp--preset--spacing--20);padding-bottom:var(--wp--preset--spacing--20);padding-left:var(--wp--preset--spacing--20)\">\n<div class=\"wp-block-columns is-layout-flex wp-container-core-columns-is-layout-d0b3c9c8 wp-block-columns-is-layout-flex\">\n<div class=\"wp-block-column is-vertically-aligned-center is-layout-flow wp-block-column-is-layout-flow\" style=\"--col-width:30%;flex-basis:30%\">\n<figure class=\"wp-block-image size-full is-resized has-custom-border\"><img loading=\"lazy\" decoding=\"async\" width=\"400\" height=\"400\" src=\"https:\/\/innovatalks.medianove.com\/wp-content\/uploads\/2024\/06\/antonio-carvaljo.jpg\" alt=\"\" class=\"wp-image-388\" style=\"border-radius:100px;aspect-ratio:1;object-fit:cover;width:100px\" srcset=\"https:\/\/innovatalks.medianove.com\/wp-content\/uploads\/2024\/06\/antonio-carvaljo.jpg 400w, https:\/\/innovatalks.medianove.com\/wp-content\/uploads\/2024\/06\/antonio-carvaljo-300x300.jpg 300w, https:\/\/innovatalks.medianove.com\/wp-content\/uploads\/2024\/06\/antonio-carvaljo-150x150.jpg 150w\" sizes=\"auto, (max-width: 400px) 100vw, 400px\" \/><\/figure>\n<\/div>\n\n\n\n<div class=\"wp-block-column is-vertically-aligned-center is-layout-flow wp-block-column-is-layout-flow\" style=\"--col-width:70%;flex-basis:70%\">\n<h4 class=\"wp-block-heading\"><strong><strong><strong>Ant\u00f3nio Nabais Carvalho<\/strong><\/strong><\/strong><\/h4>\n\n\n\n<hr class=\"wp-block-separator has-text-color has-contrast-3-color has-alpha-channel-opacity has-contrast-3-background-color has-background is-style-wide\" style=\"margin-top:5px;margin-bottom:5px\"\/>\n\n\n\n<p style=\"margin-top:0px;margin-bottom:0px;font-size:0.7rem\">Management graduate Nova School of Business and Economics, with a focus on Corporate Finance<\/p>\n<\/div>\n<\/div>\n\n\n\n<p>He has gained valuable experience in investment banking through roles at Millennium BCP Investment Banking and Banco Finantia.<\/p>\n<\/div>\n<\/div>\n<\/div>\n\n\n\n<div style=\"height:50px\" aria-hidden=\"true\" class=\"wp-block-spacer\"><\/div>\n<\/section>\n\n\n\n<section class=\"wp-block-group alignfull section tw-lg-hidden tw-md-hidden tw-sm-hidden has-contrast-background-color has-background has-global-padding is-layout-constrained wp-container-core-group-is-layout-ea2dd2b1 wp-block-group-is-layout-constrained\" id=\"videos\" style=\"min-height:100vh;margin-top:0px;margin-bottom:0px;padding-top:var(--wp--preset--spacing--40);padding-bottom:var(--wp--preset--spacing--40)\">\n<div style=\"height:25px;width:0px\" aria-hidden=\"true\" class=\"wp-block-spacer\"><\/div>\n\n\n\n<h3 class=\"wp-block-heading has-base-2-color has-text-color has-link-color wp-elements-021f8168ec0b4ec87604baf05578a06a\">Videocasts<\/h3>\n\n\n\n<div style=\"height:25px;width:0px\" aria-hidden=\"true\" class=\"wp-block-spacer\"><\/div>\n\n\n\n<div class=\"wp-block-columns is-layout-flex wp-container-core-columns-is-layout-d0b3c9c8 wp-block-columns-is-layout-flex\">\n<div class=\"wp-block-column is-layout-flow wp-block-column-is-layout-flow\">\n<div class=\"wp-block-group has-global-padding is-layout-constrained wp-block-group-is-layout-constrained\" style=\"border-style:none;border-width:0px;border-radius:0px;padding-top:0;padding-bottom:0\">\n<div class=\"wp-block-group has-global-padding is-layout-constrained wp-container-core-group-is-layout-7db9d80f wp-block-group-is-layout-constrained\" style=\"padding-right:0;padding-left:0\">\n<figure class=\"wp-block-embed is-type-video is-provider-youtube wp-block-embed-youtube wp-embed-aspect-16-9 wp-has-aspect-ratio\"><div class=\"wp-block-embed__wrapper\">\n<iframe loading=\"lazy\" title=\"&quot;No futebol, sentimos que andamos ao sabor do resultado com os nossos parceiros&quot;\" width=\"500\" height=\"281\" src=\"https:\/\/www.youtube.com\/embed\/zWL-3huT070?feature=oembed\" frameborder=\"0\" allow=\"accelerometer; autoplay; clipboard-write; encrypted-media; gyroscope; picture-in-picture; web-share\" referrerpolicy=\"strict-origin-when-cross-origin\" allowfullscreen><\/iframe>\n<\/div><\/figure>\n\n\n\n<h4 class=\"wp-block-heading has-base-2-color has-text-color has-link-color wp-elements-beaf34625cef9f83476378a58bb6d0f3\"><strong>EP1 &#8211; Sa\u00fade<\/strong><\/h4>\n\n\n\n<p class=\"has-base-2-color has-text-color has-link-color wp-elements-745b1edf0a5fab1dcab8bd26200baccb\">Lorem ipsum dolor sit amet consectetur adipiscing elit cras dui phasellus, aptent luctus risus condimentum.<\/p>\n<\/div>\n<\/div>\n<\/div>\n\n\n\n<div class=\"wp-block-column is-layout-flow wp-block-column-is-layout-flow\">\n<div class=\"wp-block-group has-global-padding is-layout-constrained wp-block-group-is-layout-constrained\" style=\"border-style:none;border-width:0px;border-radius:0px;padding-top:0;padding-bottom:0\">\n<div class=\"wp-block-group has-global-padding is-layout-constrained wp-container-core-group-is-layout-7db9d80f wp-block-group-is-layout-constrained\" style=\"padding-right:0;padding-left:0\">\n<figure class=\"wp-block-embed is-type-video is-provider-youtube wp-block-embed-youtube wp-embed-aspect-16-9 wp-has-aspect-ratio\"><div class=\"wp-block-embed__wrapper\">\n<iframe loading=\"lazy\" title=\"&quot;No futebol, sentimos que andamos ao sabor do resultado com os nossos parceiros&quot;\" width=\"500\" height=\"281\" src=\"https:\/\/www.youtube.com\/embed\/zWL-3huT070?feature=oembed\" frameborder=\"0\" allow=\"accelerometer; autoplay; clipboard-write; encrypted-media; gyroscope; picture-in-picture; web-share\" referrerpolicy=\"strict-origin-when-cross-origin\" allowfullscreen><\/iframe>\n<\/div><\/figure>\n\n\n\n<h4 class=\"wp-block-heading has-base-2-color has-text-color has-link-color wp-elements-beaf34625cef9f83476378a58bb6d0f3\"><strong>EP1 &#8211; Sa\u00fade<\/strong><\/h4>\n\n\n\n<p class=\"has-base-2-color has-text-color has-link-color wp-elements-745b1edf0a5fab1dcab8bd26200baccb\">Lorem ipsum dolor sit amet consectetur adipiscing elit cras dui phasellus, aptent luctus risus condimentum.<\/p>\n<\/div>\n<\/div>\n<\/div>\n\n\n\n<div class=\"wp-block-column is-layout-flow wp-block-column-is-layout-flow\">\n<div class=\"wp-block-group has-global-padding is-layout-constrained wp-block-group-is-layout-constrained\" style=\"border-style:none;border-width:0px;border-radius:0px;padding-top:0;padding-bottom:0\">\n<div class=\"wp-block-group has-global-padding is-layout-constrained wp-container-core-group-is-layout-7db9d80f wp-block-group-is-layout-constrained\" style=\"padding-right:0;padding-left:0\">\n<figure class=\"wp-block-embed is-type-video is-provider-youtube wp-block-embed-youtube wp-embed-aspect-16-9 wp-has-aspect-ratio\"><div class=\"wp-block-embed__wrapper\">\n<iframe loading=\"lazy\" title=\"&quot;No futebol, sentimos que andamos ao sabor do resultado com os nossos parceiros&quot;\" width=\"500\" height=\"281\" src=\"https:\/\/www.youtube.com\/embed\/zWL-3huT070?feature=oembed\" frameborder=\"0\" allow=\"accelerometer; autoplay; clipboard-write; encrypted-media; gyroscope; picture-in-picture; web-share\" referrerpolicy=\"strict-origin-when-cross-origin\" allowfullscreen><\/iframe>\n<\/div><\/figure>\n\n\n\n<h4 class=\"wp-block-heading has-base-2-color has-text-color has-link-color wp-elements-beaf34625cef9f83476378a58bb6d0f3\"><strong>EP1 &#8211; Sa\u00fade<\/strong><\/h4>\n\n\n\n<p class=\"has-base-2-color has-text-color has-link-color wp-elements-745b1edf0a5fab1dcab8bd26200baccb\">Lorem ipsum dolor sit amet consectetur adipiscing elit cras dui phasellus, aptent luctus risus condimentum.<\/p>\n<\/div>\n<\/div>\n<\/div>\n<\/div>\n<\/section>\n\n\n\n<div class=\"wp-block-group alignwide is-layout-flow wp-block-group-is-layout-flow\" id=\"parceiros\" style=\"padding-top:0;padding-bottom:0\">\n<div style=\"height:50px\" aria-hidden=\"true\" class=\"wp-block-spacer\"><\/div>\n\n\n\n<h2 class=\"wp-block-heading has-text-align-center\"><strong>Parceiros<\/strong><\/h2>\n\n\n\n<div style=\"height:20px\" aria-hidden=\"true\" class=\"wp-block-spacer\"><\/div>\n\n\n\n<div class=\"wp-block-group has-global-padding is-layout-constrained wp-container-core-group-is-layout-e555385e wp-block-group-is-layout-constrained\">\n<div class=\"wp-block-columns is-layout-flex wp-container-core-columns-is-layout-d0b3c9c8 wp-block-columns-is-layout-flex\">\n<div class=\"wp-block-column is-vertically-aligned-center has-border-color has-contrast-border-color has-base-2-background-color has-background is-layout-flow wp-block-column-is-layout-flow\" style=\"--col-width:;border-width:1px\">\n<figure class=\"wp-block-image aligncenter size-full is-resized wp-duotone-unset-6\"><img loading=\"lazy\" decoding=\"async\" width=\"380\" height=\"150\" src=\"https:\/\/innovatalks.medianove.com\/wp-content\/uploads\/2024\/05\/Captura_de_ecra_2024-05-09_155751-removebg-preview.png\" alt=\"\" class=\"wp-image-302\" style=\"aspect-ratio:1;object-fit:contain;width:auto;height:200px\" srcset=\"https:\/\/innovatalks.medianove.com\/wp-content\/uploads\/2024\/05\/Captura_de_ecra_2024-05-09_155751-removebg-preview.png 380w, https:\/\/innovatalks.medianove.com\/wp-content\/uploads\/2024\/05\/Captura_de_ecra_2024-05-09_155751-removebg-preview-300x118.png 300w\" sizes=\"auto, (max-width: 380px) 100vw, 380px\" \/><\/figure>\n<\/div>\n\n\n\n<div class=\"wp-block-column is-vertically-aligned-center has-border-color has-contrast-border-color has-base-2-background-color has-background is-layout-flow wp-block-column-is-layout-flow\" style=\"--col-width:;border-width:1px\">\n<figure class=\"wp-block-image aligncenter size-full is-resized wp-duotone-unset-7\"><img loading=\"lazy\" decoding=\"async\" width=\"800\" height=\"273\" src=\"https:\/\/innovatalks.medianove.com\/wp-content\/uploads\/2024\/05\/takeda-logo-removebg-preview.png\" alt=\"\" class=\"wp-image-301\" style=\"aspect-ratio:1;object-fit:contain;width:auto;height:200px\" srcset=\"https:\/\/innovatalks.medianove.com\/wp-content\/uploads\/2024\/05\/takeda-logo-removebg-preview.png 800w, https:\/\/innovatalks.medianove.com\/wp-content\/uploads\/2024\/05\/takeda-logo-removebg-preview-300x102.png 300w, https:\/\/innovatalks.medianove.com\/wp-content\/uploads\/2024\/05\/takeda-logo-removebg-preview-768x262.png 768w\" sizes=\"auto, (max-width: 800px) 100vw, 800px\" \/><\/figure>\n<\/div>\n\n\n\n<div class=\"wp-block-column is-vertically-aligned-center has-border-color has-contrast-border-color has-base-2-background-color has-background is-layout-flow wp-block-column-is-layout-flow\" style=\"--col-width:;border-width:1px\">\n<figure class=\"wp-block-image aligncenter size-full is-resized wp-duotone-unset-8\"><img loading=\"lazy\" decoding=\"async\" width=\"320\" height=\"180\" src=\"https:\/\/innovatalks.medianove.com\/wp-content\/uploads\/2024\/05\/Logo-Michael-Page.png\" alt=\"\" class=\"wp-image-356\" style=\"aspect-ratio:1;object-fit:cover;width:auto;height:200px\" srcset=\"https:\/\/innovatalks.medianove.com\/wp-content\/uploads\/2024\/05\/Logo-Michael-Page.png 320w, https:\/\/innovatalks.medianove.com\/wp-content\/uploads\/2024\/05\/Logo-Michael-Page-300x169.png 300w\" sizes=\"auto, (max-width: 320px) 100vw, 320px\" \/><\/figure>\n<\/div>\n<\/div>\n\n\n\n<div style=\"height:20px\" aria-hidden=\"true\" class=\"wp-block-spacer\"><\/div>\n\n\n\n<div class=\"wp-block-columns is-layout-flex wp-container-core-columns-is-layout-d0b3c9c8 wp-block-columns-is-layout-flex\">\n<div class=\"wp-block-column is-vertically-aligned-center has-border-color has-contrast-border-color has-base-2-background-color has-background is-layout-flow wp-block-column-is-layout-flow\" style=\"--col-width:;border-width:1px;padding-top:0;padding-right:0;padding-bottom:0;padding-left:0\">\n<figure class=\"wp-block-image aligncenter size-full is-resized wp-duotone-unset-9\"><img loading=\"lazy\" decoding=\"async\" width=\"1200\" height=\"1051\" src=\"https:\/\/innovatalks.medianove.com\/wp-content\/uploads\/2024\/07\/McDonalds_Golden_Arches.svg_.png\" alt=\"\" class=\"wp-image-524\" style=\"aspect-ratio:1;object-fit:contain;width:auto;height:200px\" srcset=\"https:\/\/innovatalks.medianove.com\/wp-content\/uploads\/2024\/07\/McDonalds_Golden_Arches.svg_.png 1200w, https:\/\/innovatalks.medianove.com\/wp-content\/uploads\/2024\/07\/McDonalds_Golden_Arches.svg_-300x263.png 300w, https:\/\/innovatalks.medianove.com\/wp-content\/uploads\/2024\/07\/McDonalds_Golden_Arches.svg_-1024x897.png 1024w, https:\/\/innovatalks.medianove.com\/wp-content\/uploads\/2024\/07\/McDonalds_Golden_Arches.svg_-768x673.png 768w\" sizes=\"auto, (max-width: 1200px) 100vw, 1200px\" \/><\/figure>\n<\/div>\n\n\n\n<div class=\"wp-block-column is-vertically-aligned-center has-border-color has-contrast-border-color has-base-2-background-color has-background is-layout-flow wp-block-column-is-layout-flow\" style=\"--col-width:;border-width:1px\">\n<figure class=\"wp-block-image aligncenter size-full is-resized wp-duotone-unset-10\"><img loading=\"lazy\" decoding=\"async\" width=\"212\" height=\"31\" src=\"https:\/\/innovatalks.medianove.com\/wp-content\/uploads\/2024\/05\/novobanco.png\" alt=\"\" class=\"wp-image-358\" style=\"aspect-ratio:1;object-fit:contain;width:auto;height:200px\"\/><\/figure>\n<\/div>\n\n\n\n<div class=\"wp-block-column is-vertically-aligned-center has-border-color has-contrast-border-color has-base-2-background-color has-background is-layout-flow wp-block-column-is-layout-flow\" style=\"--col-width:;border-width:1px\">\n<figure class=\"wp-block-image aligncenter size-full is-resized wp-duotone-unset-11\"><img loading=\"lazy\" decoding=\"async\" width=\"200\" height=\"200\" src=\"https:\/\/innovatalks.medianove.com\/wp-content\/uploads\/2024\/05\/natixis_in_portugal_logo-removebg-preview.png\" alt=\"\" class=\"wp-image-361\" style=\"aspect-ratio:1;object-fit:cover;width:auto;height:200px\" srcset=\"https:\/\/innovatalks.medianove.com\/wp-content\/uploads\/2024\/05\/natixis_in_portugal_logo-removebg-preview.png 200w, https:\/\/innovatalks.medianove.com\/wp-content\/uploads\/2024\/05\/natixis_in_portugal_logo-removebg-preview-150x150.png 150w\" sizes=\"auto, (max-width: 200px) 100vw, 200px\" \/><\/figure>\n<\/div>\n<\/div>\n<\/div>\n\n\n\n<div style=\"height:200px\" aria-hidden=\"true\" class=\"wp-block-spacer\"><\/div>\n<\/div>\n","protected":false},"excerpt":{"rendered":"<p>Sa\u00fade Economia Azul Empreendedorismo Lideran\u00e7a O novo videocast da Nova SBE em parceria com a Media Nove, onde especialistas renomados discutem sobre a sa\u00fade, economia azul, empreendedorismo e lideran\u00e7a. Em colabora\u00e7\u00e3o com: Sa\u00fade Economia Azul Empreendedorismo Lideran\u00e7a O novo videocast da Nova SBE em parceria com a Media Nove, onde especialistas renomados discutem sobre a [&hellip;]<\/p>\n","protected":false},"author":1,"featured_media":0,"parent":0,"menu_order":0,"comment_status":"closed","ping_status":"closed","template":"","meta":{"footnotes":""},"class_list":["post-6","page","type-page","status-publish","hentry"],"_links":{"self":[{"href":"https:\/\/innovatalks.medianove.com\/index.php?rest_route=\/wp\/v2\/pages\/6","targetHints":{"allow":["GET"]}}],"collection":[{"href":"https:\/\/innovatalks.medianove.com\/index.php?rest_route=\/wp\/v2\/pages"}],"about":[{"href":"https:\/\/innovatalks.medianove.com\/index.php?rest_route=\/wp\/v2\/types\/page"}],"author":[{"embeddable":true,"href":"https:\/\/innovatalks.medianove.com\/index.php?rest_route=\/wp\/v2\/users\/1"}],"replies":[{"embeddable":true,"href":"https:\/\/innovatalks.medianove.com\/index.php?rest_route=%2Fwp%2Fv2%2Fcomments&post=6"}],"version-history":[{"count":319,"href":"https:\/\/innovatalks.medianove.com\/index.php?rest_route=\/wp\/v2\/pages\/6\/revisions"}],"predecessor-version":[{"id":582,"href":"https:\/\/innovatalks.medianove.com\/index.php?rest_route=\/wp\/v2\/pages\/6\/revisions\/582"}],"wp:attachment":[{"href":"https:\/\/innovatalks.medianove.com\/index.php?rest_route=%2Fwp%2Fv2%2Fmedia&parent=6"}],"curies":[{"name":"wp","href":"https:\/\/api.w.org\/{rel}","templated":true}]}}